{"id":1439,"date":"2024-03-21T09:42:23","date_gmt":"2024-03-21T09:42:23","guid":{"rendered":"https:\/\/lapareechalons.fr\/staedte-inseln-in-der-vendee\/"},"modified":"2026-01-14T11:30:27","modified_gmt":"2026-01-14T10:30:27","slug":"staedte-inseln-in-der-vendee","status":"publish","type":"page","link":"https:\/\/lapareechalons.fr\/de\/staedte-inseln-in-der-vendee\/","title":{"rendered":"St\u00e4dte &amp; Inseln in der Vend\u00e9e"},"content":{"rendered":"\n<p data-block-type=\"core\">Das Pays de Monts enth\u00fcllt sich Ihrer Neugier und Ihren Spazierg\u00e4ngen, aber auch die umliegenden St\u00e4dte.<br\/>Zu Fu\u00df, mit dem Fahrrad, zu Pferd, mit dem Boot oder sogar mit dem Hubschrauber, es gibt viele M\u00f6glichkeiten, um von einer wundersch\u00f6nen Landschaft zu profitieren. <strong><a href=\"https:\/\/lapareechalons.fr\/de\/seite-der-natur\/\" data-type=\"page\" data-id=\"741\">au\u00dfergew\u00f6hnliche Umgebung<\/a><\/strong> die zu Abenteuern und Entdeckungen einl\u00e4dt&#8230;<\/p>\n\n<div class=\"wp-block-stackable-feature alignfull stk-block-feature stk-has-top-separator stk-block stk-eaf76ab stk-block-background stk-entrance is-style-default\" data-v=\"2\" data-block-id=\"eaf76ab\"><style>.stk-eaf76ab{background-color:#32363f !important;margin-bottom:0px !important;--entrance-transform:translateY(10px) !important}.stk-eaf76ab:before{background-color:#32363f !important}.stk-eaf76ab > .stk-separator__top{transform:scaleX(-1) scaleY(-1) !important}.stk-eaf76ab > .stk-separator__top .stk-separator__wrapper{height:400px !important}.stk-eaf76ab-column{--stk-column-gap:50px !important}@media screen and (max-width:767px){.stk-eaf76ab{--stk-col-order-1:2 !important;--stk-col-order-2:1 !important}}<\/style><div class=\"stk-separator stk-separator__top\"><div class=\"stk-separator__wrapper\"><svg xmlns=\"http:\/\/www.w3.org\/2000\/svg\" viewBox=\"0 0 1600 200\" class=\"stk-separator__layer-1\" preserveAspectRatio=\"none\" aria-hidden=\"true\"><path class=\"slant-1_svg__st2\" d=\"M-10 210h1620V.5L-10 183.9z\"><\/path><\/svg><\/div><\/div><div class=\"stk-content-align stk-eaf76ab-column alignwide stk-container stk-eaf76ab-container stk--no-background stk--no-padding\"><div class=\"stk-inner-blocks stk-block-content stk-row\">\n<div class=\"wp-block-stackable-column stk-block-column stk-column stk-block stk-a48d082\" data-v=\"4\" data-block-id=\"a48d082\"><style>.stk-a48d082{align-self:center !important}.stk-a48d082-inner-blocks{flex-wrap:wrap !important}@media screen and (min-width:768px){.stk-a48d082{flex:var(--stk-flex-grow,1) 1 calc(50% - var(--stk-column-gap,0px) * 1 \/ 2 ) !important}}@media screen and (min-width:768px) and (max-width:1023px){.stk-a48d082{flex:var(--stk-flex-grow,1) 1 calc(100% - var(--stk-column-gap,0px) * 0 \/ 1 ) !important}}<\/style><div class=\"stk-column-wrapper stk-block-column__content stk-container stk-a48d082-container stk--no-background stk--no-padding\"><div class=\"stk--block-horizontal-flex stk-block-content stk-inner-blocks stk-a48d082-inner-blocks\">\n<div class=\"wp-block-stackable-image stk-block-image stk-block stk-306d2bc\" data-block-id=\"306d2bc\"><style>.stk-306d2bc{margin-top:-90px !important}.stk-306d2bc .stk-img-wrapper{width:630px !important;height:449px !important;filter:drop-shadow(-8px -10px 11px #0000004d) !important}.stk-306d2bc .stk-img-wrapper img{object-position:53% 31% !important}@media screen and (max-width:767px){.stk-306d2bc .stk-img-wrapper{width:100% !important}}<\/style><figure><span class=\"stk-img-wrapper stk-image--shape-stretch stk--shadow--8px -10px 11px #0000004d\"><img loading=\"lazy\" decoding=\"async\" class=\"stk-img wp-image-706\" src=\"https:\/\/lapareechalons.fr\/wp-content\/uploads\/2024\/03\/OTPaysDeMonts19@alamoureux_validite2026_MG_3437_1.jpg\" width=\"1000\" height=\"667\" alt=\"camping in der n&#xE4;he von saint jean de monts\" srcset=\"https:\/\/lapareechalons.fr\/wp-content\/uploads\/2024\/03\/OTPaysDeMonts19@alamoureux_validite2026_MG_3437_1.jpg 1000w, https:\/\/lapareechalons.fr\/wp-content\/uploads\/2024\/03\/OTPaysDeMonts19@alamoureux_validite2026_MG_3437_1-300x200.jpg 300w, https:\/\/lapareechalons.fr\/wp-content\/uploads\/2024\/03\/OTPaysDeMonts19@alamoureux_validite2026_MG_3437_1-768x512.jpg 768w, https:\/\/lapareechalons.fr\/wp-content\/uploads\/2024\/03\/OTPaysDeMonts19@alamoureux_validite2026_MG_3437_1-500x334.jpg 500w, https:\/\/lapareechalons.fr\/wp-content\/uploads\/2024\/03\/OTPaysDeMonts19@alamoureux_validite2026_MG_3437_1-800x534.jpg 800w\" sizes=\"auto, (max-width: 1000px) 100vw, 1000px\" \/><\/span><\/figure><\/div>\n<\/div><\/div><\/div>\n\n\n\n<div class=\"wp-block-stackable-column stk-block-column stk-column stk-block stk-81c0777\" data-v=\"4\" data-block-id=\"81c0777\"><style>.stk-81c0777{align-self:center !important}@media screen and (min-width:768px){.stk-81c0777{flex:var(--stk-flex-grow,1) 1 calc(50% - var(--stk-column-gap,0px) * 1 \/ 2 ) !important}}@media screen and (min-width:768px) and (max-width:1023px){.stk-81c0777{flex:var(--stk-flex-grow,1) 1 calc(100% - var(--stk-column-gap,0px) * 0 \/ 1 ) !important}}<\/style><div class=\"stk-column-wrapper stk-block-column__content stk-container stk-81c0777-container stk--no-background stk--no-padding\"><div class=\"stk-block-content stk-inner-blocks stk-81c0777-inner-blocks\">\n<div class=\"wp-block-stackable-heading stk-block-heading stk-block-heading--v2 stk-block stk-db434ee\" id=\"saint-jean-de-monts\" data-block-id=\"db434ee\"><style>.stk-db434ee .stk-block-heading__text{color:#ffffff !important}<\/style><h2 class=\"stk-block-heading__text has-text-color\">Saint Jean de Monts<\/h2><\/div>\n\n\n\n<div class=\"wp-block-stackable-text stk-block-text stk-block stk-1ac563f\" id=\"une-ptite-faim\" data-block-id=\"1ac563f\"><style>.stk-1ac563f .stk-block-text__text{color:#ffffff !important}<\/style><p class=\"stk-block-text__text has-text-color has-white-color\"><strong>St Jean de Monts<\/strong>, 10 km entfernt, Badeort an der C\u00f4te de Lumi\u00e8re mit seinem emblematischen 400 m langen Steg auf dem Wasser, seinem Golfplatz mit Thalasso, Waldspazierg\u00e4ngen zu Fu\u00df mit dem Fahrrad oder auf dem Pferd.  <\/p><\/div>\n\n\n\n<div class=\"wp-block-stackable-text stk-block-text stk-block stk-e899465\" id=\"une-ptite-faim\" data-block-id=\"e899465\"><style>.stk-e899465 .stk-block-text__text{color:#ffffff !important}<\/style><p class=\"stk-block-text__text has-text-color has-white-color\">Kommen Sie an <strong>Markttagen zum <\/strong>Bummeln in den Ort oder genie\u00dfen Sie die F\u00fc\u00dfe unter dem Tisch in einem der vielen <strong>Restaurants <\/strong>mit ihren Meeresfr\u00fcchte- und Fischspezialit\u00e4ten.<\/p><\/div>\n<\/div><\/div><\/div>\n<\/div><\/div><\/div>\n\n<div class=\"wp-block-stackable-columns stk-block-columns stk-block stk-dc4fdfb stk-entrance\" data-block-id=\"dc4fdfb\"><style>.stk-dc4fdfb .stk--block-align-dc4fdfb{align-items:center !important}.stk-dc4fdfb{margin-top:5% !important;margin-bottom:0% !important;--entrance-transform:translateY(10px) !important}<\/style><div class=\"stk-row stk-inner-blocks stk--block-align-dc4fdfb stk-block-content stk-content-align stk-dc4fdfb-column\">\n<div class=\"wp-block-stackable-column stk-block-column stk-column stk-block stk-bef3c47\" data-v=\"4\" data-block-id=\"bef3c47\"><div class=\"stk-column-wrapper stk-block-column__content stk-container stk-bef3c47-container stk--no-background stk--no-padding\"><div class=\"stk-block-content stk-inner-blocks stk-bef3c47-inner-blocks\">\n<div class=\"wp-block-stackable-heading stk-block-heading stk-block-heading--v2 stk-block stk-b103954\" id=\"saint-gilles-croix-de-vie\" data-block-id=\"b103954\"><style>.stk-b103954 .stk-block-heading__text{color:#111111 !important}<\/style><h2 class=\"stk-block-heading__text has-text-color has-text-align-right\">Saint Gilles Croix de Vie<\/h2><\/div>\n\n\n\n<div class=\"wp-block-stackable-text stk-block-text stk-block stk-c113635\" id=\"une-ptite-faim\" data-block-id=\"c113635\"><style>.stk-c113635 .stk-block-text__text{color:#111111 !important}<\/style><p class=\"stk-block-text__text has-text-color has-white-color has-text-align-right\"><strong>St Gilles Croix de Vie<\/strong>, kaum 30 km trennen uns von dieser Hafenstadt.  <\/p><\/div>\n\n\n\n<div class=\"wp-block-stackable-text stk-block-text stk-block stk-16ded2d\" id=\"une-ptite-faim\" data-block-id=\"16ded2d\"><style>.stk-16ded2d .stk-block-text__text{color:#111111 !important}<\/style><p class=\"stk-block-text__text has-text-color has-white-color has-text-align-right\">Die bemerkenswerten <strong>Sardinen von Croix de vie<\/strong>, sein Fischerei- und Jachthafen sowie sein gro\u00dfer Sandstrand sind Meeresorte f\u00fcr eine salzige Note w\u00e4hrend Ihres Urlaubs.<\/p><\/div>\n<\/div><\/div><\/div>\n\n\n\n<div class=\"wp-block-stackable-column stk-block-column stk-column stk-block stk-fddd52e\" data-v=\"4\" data-block-id=\"fddd52e\"><div class=\"stk-column-wrapper stk-block-column__content stk-container stk-fddd52e-container stk--no-background stk--no-padding\"><div class=\"stk-block-content stk-inner-blocks stk-fddd52e-inner-blocks\">\n<div class=\"wp-block-stackable-image stk-block-image stk-block stk-1c78a3f\" data-block-id=\"1c78a3f\"><style>.stk-1c78a3f .stk-img-wrapper{width:700px !important;height:449px !important;filter:drop-shadow(9px -10px 11px #0000004d) !important}.stk-1c78a3f .stk-img-wrapper img{object-position:53% 31% !important}@media screen and (max-width:767px){.stk-1c78a3f .stk-img-wrapper{width:100% !important}}<\/style><figure><span class=\"stk-img-wrapper stk-image--shape-stretch stk--shadow-9px -10px 11px #0000004d\"><img loading=\"lazy\" decoding=\"async\" class=\"stk-img wp-image-710\" src=\"https:\/\/lapareechalons.fr\/wp-content\/uploads\/2024\/03\/Saint-Gilles-Croix-de-Vie-DSC_1724.jpg\" width=\"1000\" height=\"667\" alt=\"camping in der n&#xE4;he von saint gilles croix de vie\"\/><\/span><\/figure><\/div>\n<\/div><\/div><\/div>\n<\/div><\/div>\n\n<div class=\"wp-block-stackable-feature alignfull stk-block-feature stk-has-top-separator stk-block stk-1bc64f3 stk-block-background stk-entrance is-style-default\" data-v=\"2\" data-block-id=\"1bc64f3\"><style>.stk-1bc64f3{background-color:#32363f !important;margin-bottom:0px !important;--entrance-transform:translateY(10px) !important}.stk-1bc64f3:before{background-color:#32363f !important}.stk-1bc64f3 > .stk-separator__top{transform:scaleX(-1) scaleY(-1) !important}.stk-1bc64f3 > .stk-separator__top .stk-separator__wrapper{height:400px !important}.stk-1bc64f3-column{--stk-column-gap:50px !important}@media screen and (max-width:767px){.stk-1bc64f3{--stk-col-order-1:2 !important;--stk-col-order-2:1 !important}}<\/style><div class=\"stk-separator stk-separator__top\"><div class=\"stk-separator__wrapper\"><svg xmlns=\"http:\/\/www.w3.org\/2000\/svg\" viewBox=\"0 0 1600 200\" class=\"stk-separator__layer-1\" preserveAspectRatio=\"none\" aria-hidden=\"true\"><path class=\"slant-1_svg__st2\" d=\"M-10 210h1620V.5L-10 183.9z\"><\/path><\/svg><\/div><\/div><div class=\"stk-content-align stk-1bc64f3-column alignwide stk-container stk-1bc64f3-container stk--no-background stk--no-padding\"><div class=\"stk-inner-blocks stk-block-content stk-row\">\n<div class=\"wp-block-stackable-column stk-block-column stk-column stk-block stk-d9fded9\" data-v=\"4\" data-block-id=\"d9fded9\"><style>.stk-d9fded9{align-self:center !important}.stk-d9fded9-inner-blocks{flex-wrap:wrap !important}@media screen and (min-width:768px) and (max-width:1023px){.stk-d9fded9{flex:var(--stk-flex-grow,1) 1 calc(100% - var(--stk-column-gap,0px) * 0 \/ 1 ) !important}}<\/style><div class=\"stk-column-wrapper stk-block-column__content stk-container stk-d9fded9-container stk--no-background stk--no-padding\"><div class=\"stk--block-horizontal-flex stk-block-content stk-inner-blocks stk-d9fded9-inner-blocks\">\n<div class=\"wp-block-stackable-image stk-block-image stk-block stk-2bbddec\" data-block-id=\"2bbddec\"><style>.stk-2bbddec{margin-top:-90px !important}.stk-2bbddec .stk-img-wrapper{width:630px !important;height:449px !important;filter:drop-shadow(-8px -10px 11px #0000004d) !important}.stk-2bbddec .stk-img-wrapper img{object-position:53% 31% !important}@media screen and (max-width:767px){.stk-2bbddec .stk-img-wrapper{width:100% !important}}<\/style><figure><span class=\"stk-img-wrapper stk-image--shape-stretch stk--shadow--8px -10px 11px #0000004d\"><img loading=\"lazy\" decoding=\"async\" class=\"stk-img wp-image-718\" src=\"https:\/\/lapareechalons.fr\/wp-content\/uploads\/2024\/03\/L-Anse-Rouge-Bois-de-la-chaise-noirmoutier-IMG_8461.jpg\" width=\"1000\" height=\"667\" alt=\"Campingplatz in der N&#xE4;he von Noirmoutier\" srcset=\"https:\/\/lapareechalons.fr\/wp-content\/uploads\/2024\/03\/L-Anse-Rouge-Bois-de-la-chaise-noirmoutier-IMG_8461.jpg 1000w, https:\/\/lapareechalons.fr\/wp-content\/uploads\/2024\/03\/L-Anse-Rouge-Bois-de-la-chaise-noirmoutier-IMG_8461-300x200.jpg 300w, https:\/\/lapareechalons.fr\/wp-content\/uploads\/2024\/03\/L-Anse-Rouge-Bois-de-la-chaise-noirmoutier-IMG_8461-768x512.jpg 768w, https:\/\/lapareechalons.fr\/wp-content\/uploads\/2024\/03\/L-Anse-Rouge-Bois-de-la-chaise-noirmoutier-IMG_8461-500x334.jpg 500w, https:\/\/lapareechalons.fr\/wp-content\/uploads\/2024\/03\/L-Anse-Rouge-Bois-de-la-chaise-noirmoutier-IMG_8461-800x534.jpg 800w\" sizes=\"auto, (max-width: 1000px) 100vw, 1000px\" \/><\/span><\/figure><\/div>\n<\/div><\/div><\/div>\n\n\n\n<div class=\"wp-block-stackable-column stk-block-column stk-column stk-block stk-d21a360\" data-v=\"4\" data-block-id=\"d21a360\"><style>.stk-d21a360{align-self:center !important}@media screen and (min-width:768px) and (max-width:1023px){.stk-d21a360{flex:var(--stk-flex-grow,1) 1 calc(100% - var(--stk-column-gap,0px) * 0 \/ 1 ) !important}}<\/style><div class=\"stk-column-wrapper stk-block-column__content stk-container stk-d21a360-container stk--no-background stk--no-padding\"><div class=\"stk-block-content stk-inner-blocks stk-d21a360-inner-blocks\">\n<div class=\"wp-block-stackable-heading stk-block-heading stk-block-heading--v2 stk-block stk-5050fb3\" id=\"noirmoutier\" data-block-id=\"5050fb3\"><style>.stk-5050fb3 .stk-block-heading__text{color:#ffffff !important}<\/style><h2 class=\"stk-block-heading__text has-text-color\">Noirmoutier<\/h2><\/div>\n\n\n\n<div class=\"wp-block-stackable-text stk-block-text stk-block stk-49f0a27\" id=\"une-ptite-faim\" data-block-id=\"49f0a27\"><style>.stk-49f0a27 .stk-block-text__text{color:#ffffff !important}<\/style><p class=\"stk-block-text__text has-text-color has-white-color\">Die <strong>Insel Noirmoutier<\/strong> ist seit langem bekannt f\u00fcr die <strong>Passage du Gois<\/strong>, die nur bei Niedrigwasser befahrbare Stra\u00dfe. Entdecken Sie die Salzg\u00e4rten, die Sandstr\u00e4nde und die felsigen K\u00fcsten, die Fischerei- und Jachth\u00e4fen und nicht zu vergessen die Austern und Muscheln&#8230;  <\/p><\/div>\n\n\n\n<div class=\"wp-block-stackable-text stk-block-text stk-block stk-5851f64\" id=\"une-ptite-faim\" data-block-id=\"5851f64\"><style>.stk-5851f64 .stk-block-text__text{color:#ffffff !important}<\/style><p class=\"stk-block-text__text has-text-color has-white-color\">Diese Halbinsel, die \u00fcber ihre Br\u00fccke erreichbar ist, bietet sch\u00f6ne Spazierg\u00e4nge zum Bois de la Chaise oder in das Reservat der Jacobsen-Bucht f\u00fcr seine V\u00f6gel &#8230;<\/p><\/div>\n<\/div><\/div><\/div>\n<\/div><\/div><\/div>\n\n<div class=\"wp-block-stackable-columns stk-block-columns stk-block stk-fa6c827 stk-entrance\" data-block-id=\"fa6c827\"><style>.stk-fa6c827 .stk--block-align-fa6c827{align-items:center !important}.stk-fa6c827{margin-top:5% !important;margin-bottom:3% !important;--entrance-transform:translateY(10px) !important}<\/style><div class=\"stk-row stk-inner-blocks stk--block-align-fa6c827 stk-block-content stk-content-align stk-fa6c827-column\">\n<div class=\"wp-block-stackable-column stk-block-column stk-column stk-block stk-ebda3cc\" data-v=\"4\" data-block-id=\"ebda3cc\"><div class=\"stk-column-wrapper stk-block-column__content stk-container stk-ebda3cc-container stk--no-background stk--no-padding\"><div class=\"stk-block-content stk-inner-blocks stk-ebda3cc-inner-blocks\">\n<div class=\"wp-block-stackable-heading stk-block-heading stk-block-heading--v2 stk-block stk-2be0ddd\" id=\"lile-d-yeu\" data-block-id=\"2be0ddd\"><style>.stk-2be0ddd .stk-block-heading__text{color:#111111 !important}<\/style><h2 class=\"stk-block-heading__text has-text-color has-text-align-right\">Die Insel Yeu<\/h2><\/div>\n\n\n\n<div class=\"wp-block-stackable-text stk-block-text stk-block stk-a1ccdab\" id=\"une-ptite-faim\" data-block-id=\"a1ccdab\"><style>.stk-a1ccdab .stk-block-text__text{color:#111111 !important}<\/style><p class=\"stk-block-text__text has-text-color has-white-color has-text-align-right\"><strong>Ile d&#8217;Yeu<\/strong>, nur mit dem Boot vom Festland aus erreichbar, ein St\u00fcck Land 17 km vor der K\u00fcste, das noch unber\u00fchrt und wild ist.  <\/p><\/div>\n\n\n\n<div class=\"wp-block-stackable-text stk-block-text stk-block stk-8d4f616\" id=\"une-ptite-faim\" data-block-id=\"8d4f616\"><style>.stk-8d4f616 .stk-block-text__text{color:#111111 !important}<\/style><p class=\"stk-block-text__text has-text-color has-white-color has-text-align-right\">Das Fahrrad ist hier K\u00f6nig und die <strong>kleinen Str\u00e4nde<\/strong> in Form von Buchten machen die Sch\u00f6nheit aus. Die Seeluft ist zu 100% garantiert, sein Hafen und seine Restaurants werden Ihnen bei einem Tagesausflug die Augen \u00f6ffnen &#8230;<\/p><\/div>\n<\/div><\/div><\/div>\n\n\n\n<div class=\"wp-block-stackable-column stk-block-column stk-column stk-block stk-ed21106\" data-v=\"4\" data-block-id=\"ed21106\"><div class=\"stk-column-wrapper stk-block-column__content stk-container stk-ed21106-container stk--no-background stk--no-padding\"><div class=\"stk-block-content stk-inner-blocks stk-ed21106-inner-blocks\">\n<div class=\"wp-block-stackable-image stk-block-image stk-block stk-390294d\" data-block-id=\"390294d\"><style>.stk-390294d .stk-img-wrapper{width:700px !important;height:449px !important;filter:drop-shadow(10px -10px 11px #0000004d) !important}.stk-390294d .stk-img-wrapper img{object-position:53% 31% !important}@media screen and (max-width:767px){.stk-390294d .stk-img-wrapper{width:100% !important}}<\/style><figure><span class=\"stk-img-wrapper stk-image--shape-stretch stk--shadow-10px -10px 11px #0000004d\"><img loading=\"lazy\" decoding=\"async\" class=\"stk-img wp-image-720\" src=\"https:\/\/lapareechalons.fr\/wp-content\/uploads\/2024\/03\/ile-d-yeu-vue-aerienne-port-joinville.jpg\" width=\"1000\" height=\"667\" alt=\"campingplatz in der n&#xE4;he der &#xCE;le d'Yeu vend&#xE9;e\" srcset=\"https:\/\/lapareechalons.fr\/wp-content\/uploads\/2024\/03\/ile-d-yeu-vue-aerienne-port-joinville.jpg 1000w, https:\/\/lapareechalons.fr\/wp-content\/uploads\/2024\/03\/ile-d-yeu-vue-aerienne-port-joinville-300x200.jpg 300w, https:\/\/lapareechalons.fr\/wp-content\/uploads\/2024\/03\/ile-d-yeu-vue-aerienne-port-joinville-768x512.jpg 768w, https:\/\/lapareechalons.fr\/wp-content\/uploads\/2024\/03\/ile-d-yeu-vue-aerienne-port-joinville-500x334.jpg 500w, https:\/\/lapareechalons.fr\/wp-content\/uploads\/2024\/03\/ile-d-yeu-vue-aerienne-port-joinville-800x534.jpg 800w\" sizes=\"auto, (max-width: 1000px) 100vw, 1000px\" \/><\/span><\/figure><\/div>\n<\/div><\/div><\/div>\n<\/div><\/div>\n\n<div class=\"wp-block-stackable-image stk-block-image stk-block stk-536a721 stk-entrance\" data-block-id=\"536a721\"><style>.stk-536a721{--entrance-transform:translateY(10px) !important}.stk-536a721 .stk-img-wrapper{width:100px !important}<\/style><figure><span class=\"stk-img-wrapper stk-image--shape-stretch\"><img loading=\"lazy\" decoding=\"async\" class=\"stk-img wp-image-554\" src=\"https:\/\/lapareechalons.fr\/wp-content\/uploads\/2024\/03\/bulle-deco.png\" width=\"252\" height=\"153\" alt=\"Deko-Blase Campingplatz Vend&#xE9;e\"\/><\/span><\/figure><\/div>\n<div class=\"wp-block-visual-portfolio alignfull\">\n<div class=\"vp-portfolio vp-uid-7aca9b4b vp-id-1uzaK\"\n\tdata-vp-layout=\"justified\" data-vp-content-source=\"images\" data-vp-items-style=\"fly\" data-vp-items-click-action=\"popup_gallery\" data-vp-items-gap=\"5\" data-vp-items-gap-vertical=\"\" data-vp-pagination=\"load-more\" data-vp-next-page-url=\"\" data-vp-justified-row-height=\"238\" data-vp-justified-row-height-tolerance=\"0.25\" data-vp-justified-max-rows-count=\"0\" data-vp-justified-last-row=\"center\" >\n\t<div class=\"vp-portfolio__preloader-wrap\">\n\t\t<div class=\"vp-portfolio__preloader\">\n\t\t\t<img decoding=\"async\" loading=\"eager\" src=\"https:\/\/lapareechalons.fr\/wp-content\/plugins\/visual-portfolio\/assets\/images\/logo-dark.svg\" alt=\"Visual Portfolio, Posts &amp; Image Gallery for WordPress\" width=\"20\" height=\"20\" data-skip-lazy>\n\t\t<\/div>\n\t<\/div>\n\t\t<div class=\"vp-portfolio__items-wrap\">\n\t\t\t\n<div class=\"vp-portfolio__items vp-portfolio__items-style-fly vp-portfolio__items-show-overlay-hover\">\n\n\t\t<div\t\tclass=\"vp-portfolio__item-wrap vp-portfolio__item-uid-1dbccd2c\" data-vp-filter=\"\" \t\t>\n\t\t\t<template class=\"vp-portfolio__item-popup\" style=\"display: none\" data-vp-popup-img=\"https:\/\/lapareechalons.fr\/wp-content\/uploads\/2024\/03\/snsm-saint-jean-de-monts-IMG_6369.jpg\" data-vp-popup-img-srcset=\"https:\/\/lapareechalons.fr\/wp-content\/uploads\/2024\/03\/snsm-saint-jean-de-monts-IMG_6369.jpg 1000w, https:\/\/lapareechalons.fr\/wp-content\/uploads\/2024\/03\/snsm-saint-jean-de-monts-IMG_6369-300x200.jpg 300w, https:\/\/lapareechalons.fr\/wp-content\/uploads\/2024\/03\/snsm-saint-jean-de-monts-IMG_6369-768x512.jpg 768w, https:\/\/lapareechalons.fr\/wp-content\/uploads\/2024\/03\/snsm-saint-jean-de-monts-IMG_6369-500x334.jpg 500w, https:\/\/lapareechalons.fr\/wp-content\/uploads\/2024\/03\/snsm-saint-jean-de-monts-IMG_6369-800x534.jpg 800w\" data-vp-popup-img-size=\"1000x667\" data-vp-popup-md-img=\"https:\/\/lapareechalons.fr\/wp-content\/uploads\/2024\/03\/snsm-saint-jean-de-monts-IMG_6369-800x534.jpg\" data-vp-popup-md-img-size=\"800x534\" data-vp-popup-sm-img=\"https:\/\/lapareechalons.fr\/wp-content\/uploads\/2024\/03\/snsm-saint-jean-de-monts-IMG_6369-500x334.jpg\" data-vp-popup-sm-img-size=\"500x334\">\n\t<\/template>\n\t\t\t\t\t\t<figure class=\"vp-portfolio__item\">\n\t\t\t\t\n<div class=\"vp-portfolio__item-img-wrap\">\n\t<div class=\"vp-portfolio__item-img\">\n\t\t\t<a\n\t\thref=\"https:\/\/lapareechalons.fr\/wp-content\/uploads\/2024\/03\/snsm-saint-jean-de-monts-IMG_6369.jpg\"\n\t\taria-label=\"snsm-saint-jean-de-monts-IMG_6369\" \t>\n\t\n\t\t<noscript><img loading=\"lazy\" decoding=\"async\" width=\"1000\" height=\"667\" data-skip-lazy src=\"https:\/\/lapareechalons.fr\/wp-content\/uploads\/2024\/03\/snsm-saint-jean-de-monts-IMG_6369.jpg\" class=\"wp-image-811\" alt=\"vacance pr\u00e8s de l&#039;ile d&#039;yeu\" srcset=\"https:\/\/lapareechalons.fr\/wp-content\/uploads\/2024\/03\/snsm-saint-jean-de-monts-IMG_6369.jpg 1000w, https:\/\/lapareechalons.fr\/wp-content\/uploads\/2024\/03\/snsm-saint-jean-de-monts-IMG_6369-300x200.jpg 300w, https:\/\/lapareechalons.fr\/wp-content\/uploads\/2024\/03\/snsm-saint-jean-de-monts-IMG_6369-768x512.jpg 768w, https:\/\/lapareechalons.fr\/wp-content\/uploads\/2024\/03\/snsm-saint-jean-de-monts-IMG_6369-500x334.jpg 500w, https:\/\/lapareechalons.fr\/wp-content\/uploads\/2024\/03\/snsm-saint-jean-de-monts-IMG_6369-800x534.jpg 800w\" sizes=\"auto, (max-width: 1000px) 100vw, 1000px\" \/><\/noscript><img fetchpriority=\"high\" decoding=\"async\" width=\"1000\" height=\"667\" src=\"https:\/\/lapareechalons.fr\/wp-content\/uploads\/2024\/03\/snsm-saint-jean-de-monts-IMG_6369.jpg\" class=\"wp-image-811 vp-lazyload\" alt=\"vacance pr\u00e8s de l&#039;ile d&#039;yeu\" srcset=\"data:image\/svg+xml;base64,PHN2ZyB3aWR0aD0iMTAwMCIgaGVpZ2h0PSI2NjciIHZpZXdCb3g9IjAgMCAxMDAwIDY2NyIgZmlsbD0ibm9uZSIgeG1sbnM9Imh0dHA6Ly93d3cudzMub3JnLzIwMDAvc3ZnIj48L3N2Zz4=\" data-src=\"https:\/\/lapareechalons.fr\/wp-content\/uploads\/2024\/03\/snsm-saint-jean-de-monts-IMG_6369.jpg\" data-srcset=\"https:\/\/lapareechalons.fr\/wp-content\/uploads\/2024\/03\/snsm-saint-jean-de-monts-IMG_6369.jpg 1000w, https:\/\/lapareechalons.fr\/wp-content\/uploads\/2024\/03\/snsm-saint-jean-de-monts-IMG_6369-300x200.jpg 300w, https:\/\/lapareechalons.fr\/wp-content\/uploads\/2024\/03\/snsm-saint-jean-de-monts-IMG_6369-768x512.jpg 768w, https:\/\/lapareechalons.fr\/wp-content\/uploads\/2024\/03\/snsm-saint-jean-de-monts-IMG_6369-500x334.jpg 500w, https:\/\/lapareechalons.fr\/wp-content\/uploads\/2024\/03\/snsm-saint-jean-de-monts-IMG_6369-800x534.jpg 800w\" data-sizes=\"auto\" loading=\"eager\">\n\t\t<\/a>\t<\/div>\n<\/div>\n\t<figcaption class=\"vp-portfolio__item-overlay vp-portfolio__item-overlay-text-align-center\">\n\t\t<div class=\"vp-portfolio__item-meta-wrap vp-portfolio__custom-scrollbar\">\n\t\t\t\t<a\n\t\thref=\"https:\/\/lapareechalons.fr\/wp-content\/uploads\/2024\/03\/snsm-saint-jean-de-monts-IMG_6369.jpg\"\n\t\ttabindex=\"-1\" class=\"vp-portfolio__item-meta\" aria-label=\"snsm-saint-jean-de-monts-IMG_6369\" \t>\n\t\n<div class=\"vp-portfolio__item-meta-title\">\n\tsnsm-saint-jean-de-monts-IMG_6369<\/div>\n<\/a>\t\t<\/div>\n\t<\/figcaption>\n\t\t\t<\/figure>\n\t\t\t\t\t<\/div>\n\t\t\n\t\t<div\t\tclass=\"vp-portfolio__item-wrap vp-portfolio__item-uid-b2c0133a\" data-vp-filter=\"\" \t\t>\n\t\t\t<template class=\"vp-portfolio__item-popup\" style=\"display: none\" data-vp-popup-img=\"https:\/\/lapareechalons.fr\/wp-content\/uploads\/2024\/03\/saintjeandemonts-IMG_1803.jpg\" data-vp-popup-img-srcset=\"https:\/\/lapareechalons.fr\/wp-content\/uploads\/2024\/03\/saintjeandemonts-IMG_1803.jpg 1000w, https:\/\/lapareechalons.fr\/wp-content\/uploads\/2024\/03\/saintjeandemonts-IMG_1803-300x200.jpg 300w, https:\/\/lapareechalons.fr\/wp-content\/uploads\/2024\/03\/saintjeandemonts-IMG_1803-768x512.jpg 768w, https:\/\/lapareechalons.fr\/wp-content\/uploads\/2024\/03\/saintjeandemonts-IMG_1803-500x334.jpg 500w, https:\/\/lapareechalons.fr\/wp-content\/uploads\/2024\/03\/saintjeandemonts-IMG_1803-800x534.jpg 800w\" data-vp-popup-img-size=\"1000x667\" data-vp-popup-md-img=\"https:\/\/lapareechalons.fr\/wp-content\/uploads\/2024\/03\/saintjeandemonts-IMG_1803-800x534.jpg\" data-vp-popup-md-img-size=\"800x534\" data-vp-popup-sm-img=\"https:\/\/lapareechalons.fr\/wp-content\/uploads\/2024\/03\/saintjeandemonts-IMG_1803-500x334.jpg\" data-vp-popup-sm-img-size=\"500x334\">\n\t<\/template>\n\t\t\t\t\t\t<figure class=\"vp-portfolio__item\">\n\t\t\t\t\n<div class=\"vp-portfolio__item-img-wrap\">\n\t<div class=\"vp-portfolio__item-img\">\n\t\t\t<a\n\t\thref=\"https:\/\/lapareechalons.fr\/wp-content\/uploads\/2024\/03\/saintjeandemonts-IMG_1803.jpg\"\n\t\taria-label=\"saintjeandemonts-IMG_1803\" \t>\n\t\n\t\t<noscript><img loading=\"lazy\" decoding=\"async\" width=\"1000\" height=\"667\" data-skip-lazy src=\"https:\/\/lapareechalons.fr\/wp-content\/uploads\/2024\/03\/saintjeandemonts-IMG_1803.jpg\" class=\"wp-image-809\" alt=\"location vacance en mobil home pr\u00e8s de l&#039;ile d&#039;yeu\" srcset=\"https:\/\/lapareechalons.fr\/wp-content\/uploads\/2024\/03\/saintjeandemonts-IMG_1803.jpg 1000w, https:\/\/lapareechalons.fr\/wp-content\/uploads\/2024\/03\/saintjeandemonts-IMG_1803-300x200.jpg 300w, https:\/\/lapareechalons.fr\/wp-content\/uploads\/2024\/03\/saintjeandemonts-IMG_1803-768x512.jpg 768w, https:\/\/lapareechalons.fr\/wp-content\/uploads\/2024\/03\/saintjeandemonts-IMG_1803-500x334.jpg 500w, https:\/\/lapareechalons.fr\/wp-content\/uploads\/2024\/03\/saintjeandemonts-IMG_1803-800x534.jpg 800w\" sizes=\"auto, (max-width: 1000px) 100vw, 1000px\" \/><\/noscript><img decoding=\"async\" width=\"1000\" height=\"667\" src=\"https:\/\/lapareechalons.fr\/wp-content\/uploads\/2024\/03\/saintjeandemonts-IMG_1803.jpg\" class=\"wp-image-809 vp-lazyload\" alt=\"location vacance en mobil home pr\u00e8s de l&#039;ile d&#039;yeu\" srcset=\"data:image\/svg+xml;base64,PHN2ZyB3aWR0aD0iMTAwMCIgaGVpZ2h0PSI2NjciIHZpZXdCb3g9IjAgMCAxMDAwIDY2NyIgZmlsbD0ibm9uZSIgeG1sbnM9Imh0dHA6Ly93d3cudzMub3JnLzIwMDAvc3ZnIj48L3N2Zz4=\" data-src=\"https:\/\/lapareechalons.fr\/wp-content\/uploads\/2024\/03\/saintjeandemonts-IMG_1803.jpg\" data-srcset=\"https:\/\/lapareechalons.fr\/wp-content\/uploads\/2024\/03\/saintjeandemonts-IMG_1803.jpg 1000w, https:\/\/lapareechalons.fr\/wp-content\/uploads\/2024\/03\/saintjeandemonts-IMG_1803-300x200.jpg 300w, https:\/\/lapareechalons.fr\/wp-content\/uploads\/2024\/03\/saintjeandemonts-IMG_1803-768x512.jpg 768w, https:\/\/lapareechalons.fr\/wp-content\/uploads\/2024\/03\/saintjeandemonts-IMG_1803-500x334.jpg 500w, https:\/\/lapareechalons.fr\/wp-content\/uploads\/2024\/03\/saintjeandemonts-IMG_1803-800x534.jpg 800w\" data-sizes=\"auto\" loading=\"eager\">\n\t\t<\/a>\t<\/div>\n<\/div>\n\t<figcaption class=\"vp-portfolio__item-overlay vp-portfolio__item-overlay-text-align-center\">\n\t\t<div class=\"vp-portfolio__item-meta-wrap vp-portfolio__custom-scrollbar\">\n\t\t\t\t<a\n\t\thref=\"https:\/\/lapareechalons.fr\/wp-content\/uploads\/2024\/03\/saintjeandemonts-IMG_1803.jpg\"\n\t\ttabindex=\"-1\" class=\"vp-portfolio__item-meta\" aria-label=\"saintjeandemonts-IMG_1803\" \t>\n\t\n<div class=\"vp-portfolio__item-meta-title\">\n\tsaintjeandemonts-IMG_1803<\/div>\n<\/a>\t\t<\/div>\n\t<\/figcaption>\n\t\t\t<\/figure>\n\t\t\t\t\t<\/div>\n\t\t\n\t\t<div\t\tclass=\"vp-portfolio__item-wrap vp-portfolio__item-uid-47cd91d3\" data-vp-filter=\"\" \t\t>\n\t\t\t<template class=\"vp-portfolio__item-popup\" style=\"display: none\" data-vp-popup-img=\"https:\/\/lapareechalons.fr\/wp-content\/uploads\/2024\/03\/ile-d-yeu-cote-rocheuse.jpg\" data-vp-popup-img-srcset=\"https:\/\/lapareechalons.fr\/wp-content\/uploads\/2024\/03\/ile-d-yeu-cote-rocheuse.jpg 1000w, https:\/\/lapareechalons.fr\/wp-content\/uploads\/2024\/03\/ile-d-yeu-cote-rocheuse-300x200.jpg 300w, https:\/\/lapareechalons.fr\/wp-content\/uploads\/2024\/03\/ile-d-yeu-cote-rocheuse-768x512.jpg 768w, https:\/\/lapareechalons.fr\/wp-content\/uploads\/2024\/03\/ile-d-yeu-cote-rocheuse-500x334.jpg 500w, https:\/\/lapareechalons.fr\/wp-content\/uploads\/2024\/03\/ile-d-yeu-cote-rocheuse-800x534.jpg 800w\" data-vp-popup-img-size=\"1000x667\" data-vp-popup-md-img=\"https:\/\/lapareechalons.fr\/wp-content\/uploads\/2024\/03\/ile-d-yeu-cote-rocheuse-800x534.jpg\" data-vp-popup-md-img-size=\"800x534\" data-vp-popup-sm-img=\"https:\/\/lapareechalons.fr\/wp-content\/uploads\/2024\/03\/ile-d-yeu-cote-rocheuse-500x334.jpg\" data-vp-popup-sm-img-size=\"500x334\">\n\t<\/template>\n\t\t\t\t\t\t<figure class=\"vp-portfolio__item\">\n\t\t\t\t\n<div class=\"vp-portfolio__item-img-wrap\">\n\t<div class=\"vp-portfolio__item-img\">\n\t\t\t<a\n\t\thref=\"https:\/\/lapareechalons.fr\/wp-content\/uploads\/2024\/03\/ile-d-yeu-cote-rocheuse.jpg\"\n\t\taria-label=\"ile-d-yeu-cote-rocheuse\" \t>\n\t\n\t\t<noscript><img loading=\"lazy\" decoding=\"async\" width=\"1000\" height=\"667\" data-skip-lazy src=\"https:\/\/lapareechalons.fr\/wp-content\/uploads\/2024\/03\/ile-d-yeu-cote-rocheuse.jpg\" class=\"wp-image-807\" alt=\"location vacance pr\u00e8s de l&#039;ile d&#039;yeu\" srcset=\"https:\/\/lapareechalons.fr\/wp-content\/uploads\/2024\/03\/ile-d-yeu-cote-rocheuse.jpg 1000w, https:\/\/lapareechalons.fr\/wp-content\/uploads\/2024\/03\/ile-d-yeu-cote-rocheuse-300x200.jpg 300w, https:\/\/lapareechalons.fr\/wp-content\/uploads\/2024\/03\/ile-d-yeu-cote-rocheuse-768x512.jpg 768w, https:\/\/lapareechalons.fr\/wp-content\/uploads\/2024\/03\/ile-d-yeu-cote-rocheuse-500x334.jpg 500w, https:\/\/lapareechalons.fr\/wp-content\/uploads\/2024\/03\/ile-d-yeu-cote-rocheuse-800x534.jpg 800w\" sizes=\"auto, (max-width: 1000px) 100vw, 1000px\" \/><\/noscript><img decoding=\"async\" width=\"1000\" height=\"667\" src=\"https:\/\/lapareechalons.fr\/wp-content\/uploads\/2024\/03\/ile-d-yeu-cote-rocheuse.jpg\" class=\"wp-image-807 vp-lazyload\" alt=\"location vacance pr\u00e8s de l&#039;ile d&#039;yeu\" srcset=\"data:image\/svg+xml;base64,PHN2ZyB3aWR0aD0iMTAwMCIgaGVpZ2h0PSI2NjciIHZpZXdCb3g9IjAgMCAxMDAwIDY2NyIgZmlsbD0ibm9uZSIgeG1sbnM9Imh0dHA6Ly93d3cudzMub3JnLzIwMDAvc3ZnIj48L3N2Zz4=\" data-src=\"https:\/\/lapareechalons.fr\/wp-content\/uploads\/2024\/03\/ile-d-yeu-cote-rocheuse.jpg\" data-srcset=\"https:\/\/lapareechalons.fr\/wp-content\/uploads\/2024\/03\/ile-d-yeu-cote-rocheuse.jpg 1000w, https:\/\/lapareechalons.fr\/wp-content\/uploads\/2024\/03\/ile-d-yeu-cote-rocheuse-300x200.jpg 300w, https:\/\/lapareechalons.fr\/wp-content\/uploads\/2024\/03\/ile-d-yeu-cote-rocheuse-768x512.jpg 768w, https:\/\/lapareechalons.fr\/wp-content\/uploads\/2024\/03\/ile-d-yeu-cote-rocheuse-500x334.jpg 500w, https:\/\/lapareechalons.fr\/wp-content\/uploads\/2024\/03\/ile-d-yeu-cote-rocheuse-800x534.jpg 800w\" data-sizes=\"auto\" loading=\"eager\">\n\t\t<\/a>\t<\/div>\n<\/div>\n\t<figcaption class=\"vp-portfolio__item-overlay vp-portfolio__item-overlay-text-align-center\">\n\t\t<div class=\"vp-portfolio__item-meta-wrap vp-portfolio__custom-scrollbar\">\n\t\t\t\t<a\n\t\thref=\"https:\/\/lapareechalons.fr\/wp-content\/uploads\/2024\/03\/ile-d-yeu-cote-rocheuse.jpg\"\n\t\ttabindex=\"-1\" class=\"vp-portfolio__item-meta\" aria-label=\"ile-d-yeu-cote-rocheuse\" \t>\n\t\n<div class=\"vp-portfolio__item-meta-title\">\n\tile-d-yeu-cote-rocheuse<\/div>\n<\/a>\t\t<\/div>\n\t<\/figcaption>\n\t\t\t<\/figure>\n\t\t\t\t\t<\/div>\n\t\t\n\t\t<div\t\tclass=\"vp-portfolio__item-wrap vp-portfolio__item-uid-117f979a\" data-vp-filter=\"\" \t\t>\n\t\t\t<template class=\"vp-portfolio__item-popup\" style=\"display: none\" data-vp-popup-img=\"https:\/\/lapareechalons.fr\/wp-content\/uploads\/2024\/03\/ile-d-yeu-IMG_8406.jpg\" data-vp-popup-img-srcset=\"https:\/\/lapareechalons.fr\/wp-content\/uploads\/2024\/03\/ile-d-yeu-IMG_8406.jpg 1000w, https:\/\/lapareechalons.fr\/wp-content\/uploads\/2024\/03\/ile-d-yeu-IMG_8406-300x200.jpg 300w, https:\/\/lapareechalons.fr\/wp-content\/uploads\/2024\/03\/ile-d-yeu-IMG_8406-768x512.jpg 768w, https:\/\/lapareechalons.fr\/wp-content\/uploads\/2024\/03\/ile-d-yeu-IMG_8406-500x334.jpg 500w, https:\/\/lapareechalons.fr\/wp-content\/uploads\/2024\/03\/ile-d-yeu-IMG_8406-800x534.jpg 800w\" data-vp-popup-img-size=\"1000x667\" data-vp-popup-md-img=\"https:\/\/lapareechalons.fr\/wp-content\/uploads\/2024\/03\/ile-d-yeu-IMG_8406-800x534.jpg\" data-vp-popup-md-img-size=\"800x534\" data-vp-popup-sm-img=\"https:\/\/lapareechalons.fr\/wp-content\/uploads\/2024\/03\/ile-d-yeu-IMG_8406-500x334.jpg\" data-vp-popup-sm-img-size=\"500x334\">\n\t<\/template>\n\t\t\t\t\t\t<figure class=\"vp-portfolio__item\">\n\t\t\t\t\n<div class=\"vp-portfolio__item-img-wrap\">\n\t<div class=\"vp-portfolio__item-img\">\n\t\t\t<a\n\t\thref=\"https:\/\/lapareechalons.fr\/wp-content\/uploads\/2024\/03\/ile-d-yeu-IMG_8406.jpg\"\n\t\taria-label=\"ile-d-yeu-IMG_8406\" \t>\n\t\n\t\t<noscript><img loading=\"lazy\" decoding=\"async\" width=\"1000\" height=\"667\" data-skip-lazy src=\"https:\/\/lapareechalons.fr\/wp-content\/uploads\/2024\/03\/ile-d-yeu-IMG_8406.jpg\" class=\"wp-image-805\" alt=\"location vacance camping pr\u00e8s de l&#039;ile d&#039;yeu\" srcset=\"https:\/\/lapareechalons.fr\/wp-content\/uploads\/2024\/03\/ile-d-yeu-IMG_8406.jpg 1000w, https:\/\/lapareechalons.fr\/wp-content\/uploads\/2024\/03\/ile-d-yeu-IMG_8406-300x200.jpg 300w, https:\/\/lapareechalons.fr\/wp-content\/uploads\/2024\/03\/ile-d-yeu-IMG_8406-768x512.jpg 768w, https:\/\/lapareechalons.fr\/wp-content\/uploads\/2024\/03\/ile-d-yeu-IMG_8406-500x334.jpg 500w, https:\/\/lapareechalons.fr\/wp-content\/uploads\/2024\/03\/ile-d-yeu-IMG_8406-800x534.jpg 800w\" sizes=\"auto, (max-width: 1000px) 100vw, 1000px\" \/><\/noscript><img decoding=\"async\" width=\"1000\" height=\"667\" src=\"https:\/\/lapareechalons.fr\/wp-content\/uploads\/2024\/03\/ile-d-yeu-IMG_8406.jpg\" class=\"wp-image-805 vp-lazyload\" alt=\"location vacance camping pr\u00e8s de l&#039;ile d&#039;yeu\" srcset=\"data:image\/svg+xml;base64,PHN2ZyB3aWR0aD0iMTAwMCIgaGVpZ2h0PSI2NjciIHZpZXdCb3g9IjAgMCAxMDAwIDY2NyIgZmlsbD0ibm9uZSIgeG1sbnM9Imh0dHA6Ly93d3cudzMub3JnLzIwMDAvc3ZnIj48L3N2Zz4=\" data-src=\"https:\/\/lapareechalons.fr\/wp-content\/uploads\/2024\/03\/ile-d-yeu-IMG_8406.jpg\" data-srcset=\"https:\/\/lapareechalons.fr\/wp-content\/uploads\/2024\/03\/ile-d-yeu-IMG_8406.jpg 1000w, https:\/\/lapareechalons.fr\/wp-content\/uploads\/2024\/03\/ile-d-yeu-IMG_8406-300x200.jpg 300w, https:\/\/lapareechalons.fr\/wp-content\/uploads\/2024\/03\/ile-d-yeu-IMG_8406-768x512.jpg 768w, https:\/\/lapareechalons.fr\/wp-content\/uploads\/2024\/03\/ile-d-yeu-IMG_8406-500x334.jpg 500w, https:\/\/lapareechalons.fr\/wp-content\/uploads\/2024\/03\/ile-d-yeu-IMG_8406-800x534.jpg 800w\" data-sizes=\"auto\" loading=\"eager\">\n\t\t<\/a>\t<\/div>\n<\/div>\n\t<figcaption class=\"vp-portfolio__item-overlay vp-portfolio__item-overlay-text-align-center\">\n\t\t<div class=\"vp-portfolio__item-meta-wrap vp-portfolio__custom-scrollbar\">\n\t\t\t\t<a\n\t\thref=\"https:\/\/lapareechalons.fr\/wp-content\/uploads\/2024\/03\/ile-d-yeu-IMG_8406.jpg\"\n\t\ttabindex=\"-1\" class=\"vp-portfolio__item-meta\" aria-label=\"ile-d-yeu-IMG_8406\" \t>\n\t\n<div class=\"vp-portfolio__item-meta-title\">\n\tile-d-yeu-IMG_8406<\/div>\n<\/a>\t\t<\/div>\n\t<\/figcaption>\n\t\t\t<\/figure>\n\t\t\t\t\t<\/div>\n\t\t\n\t\t<div\t\tclass=\"vp-portfolio__item-wrap vp-portfolio__item-uid-65cb0a16\" data-vp-filter=\"\" \t\t>\n\t\t\t<template class=\"vp-portfolio__item-popup\" style=\"display: none\" data-vp-popup-img=\"https:\/\/lapareechalons.fr\/wp-content\/uploads\/2024\/03\/ile-d-yeu-IMG_8536.jpg\" data-vp-popup-img-srcset=\"https:\/\/lapareechalons.fr\/wp-content\/uploads\/2024\/03\/ile-d-yeu-IMG_8536.jpg 1000w, https:\/\/lapareechalons.fr\/wp-content\/uploads\/2024\/03\/ile-d-yeu-IMG_8536-300x200.jpg 300w, https:\/\/lapareechalons.fr\/wp-content\/uploads\/2024\/03\/ile-d-yeu-IMG_8536-768x512.jpg 768w, https:\/\/lapareechalons.fr\/wp-content\/uploads\/2024\/03\/ile-d-yeu-IMG_8536-500x334.jpg 500w, https:\/\/lapareechalons.fr\/wp-content\/uploads\/2024\/03\/ile-d-yeu-IMG_8536-800x534.jpg 800w\" data-vp-popup-img-size=\"1000x667\" data-vp-popup-md-img=\"https:\/\/lapareechalons.fr\/wp-content\/uploads\/2024\/03\/ile-d-yeu-IMG_8536-800x534.jpg\" data-vp-popup-md-img-size=\"800x534\" data-vp-popup-sm-img=\"https:\/\/lapareechalons.fr\/wp-content\/uploads\/2024\/03\/ile-d-yeu-IMG_8536-500x334.jpg\" data-vp-popup-sm-img-size=\"500x334\">\n\t<\/template>\n\t\t\t\t\t\t<figure class=\"vp-portfolio__item\">\n\t\t\t\t\n<div class=\"vp-portfolio__item-img-wrap\">\n\t<div class=\"vp-portfolio__item-img\">\n\t\t\t<a\n\t\thref=\"https:\/\/lapareechalons.fr\/wp-content\/uploads\/2024\/03\/ile-d-yeu-IMG_8536.jpg\"\n\t\taria-label=\"ile-d-yeu-IMG_8536\" \t>\n\t\n\t\t<noscript><img loading=\"lazy\" decoding=\"async\" width=\"1000\" height=\"667\" data-skip-lazy src=\"https:\/\/lapareechalons.fr\/wp-content\/uploads\/2024\/03\/ile-d-yeu-IMG_8536.jpg\" class=\"wp-image-803\" alt=\"location vacance pr\u00e8s de l&#039;ile d&#039;yeu\" srcset=\"https:\/\/lapareechalons.fr\/wp-content\/uploads\/2024\/03\/ile-d-yeu-IMG_8536.jpg 1000w, https:\/\/lapareechalons.fr\/wp-content\/uploads\/2024\/03\/ile-d-yeu-IMG_8536-300x200.jpg 300w, https:\/\/lapareechalons.fr\/wp-content\/uploads\/2024\/03\/ile-d-yeu-IMG_8536-768x512.jpg 768w, https:\/\/lapareechalons.fr\/wp-content\/uploads\/2024\/03\/ile-d-yeu-IMG_8536-500x334.jpg 500w, https:\/\/lapareechalons.fr\/wp-content\/uploads\/2024\/03\/ile-d-yeu-IMG_8536-800x534.jpg 800w\" sizes=\"auto, (max-width: 1000px) 100vw, 1000px\" \/><\/noscript><img decoding=\"async\" width=\"1000\" height=\"667\" src=\"https:\/\/lapareechalons.fr\/wp-content\/uploads\/2024\/03\/ile-d-yeu-IMG_8536.jpg\" class=\"wp-image-803 vp-lazyload\" alt=\"location vacance pr\u00e8s de l&#039;ile d&#039;yeu\" srcset=\"data:image\/svg+xml;base64,PHN2ZyB3aWR0aD0iMTAwMCIgaGVpZ2h0PSI2NjciIHZpZXdCb3g9IjAgMCAxMDAwIDY2NyIgZmlsbD0ibm9uZSIgeG1sbnM9Imh0dHA6Ly93d3cudzMub3JnLzIwMDAvc3ZnIj48L3N2Zz4=\" data-src=\"https:\/\/lapareechalons.fr\/wp-content\/uploads\/2024\/03\/ile-d-yeu-IMG_8536.jpg\" data-srcset=\"https:\/\/lapareechalons.fr\/wp-content\/uploads\/2024\/03\/ile-d-yeu-IMG_8536.jpg 1000w, https:\/\/lapareechalons.fr\/wp-content\/uploads\/2024\/03\/ile-d-yeu-IMG_8536-300x200.jpg 300w, https:\/\/lapareechalons.fr\/wp-content\/uploads\/2024\/03\/ile-d-yeu-IMG_8536-768x512.jpg 768w, https:\/\/lapareechalons.fr\/wp-content\/uploads\/2024\/03\/ile-d-yeu-IMG_8536-500x334.jpg 500w, https:\/\/lapareechalons.fr\/wp-content\/uploads\/2024\/03\/ile-d-yeu-IMG_8536-800x534.jpg 800w\" data-sizes=\"auto\" loading=\"eager\">\n\t\t<\/a>\t<\/div>\n<\/div>\n\t<figcaption class=\"vp-portfolio__item-overlay vp-portfolio__item-overlay-text-align-center\">\n\t\t<div class=\"vp-portfolio__item-meta-wrap vp-portfolio__custom-scrollbar\">\n\t\t\t\t<a\n\t\thref=\"https:\/\/lapareechalons.fr\/wp-content\/uploads\/2024\/03\/ile-d-yeu-IMG_8536.jpg\"\n\t\ttabindex=\"-1\" class=\"vp-portfolio__item-meta\" aria-label=\"ile-d-yeu-IMG_8536\" \t>\n\t\n<div class=\"vp-portfolio__item-meta-title\">\n\tile-d-yeu-IMG_8536<\/div>\n<\/a>\t\t<\/div>\n\t<\/figcaption>\n\t\t\t<\/figure>\n\t\t\t\t\t<\/div>\n\t\t\n\t\t<div\t\tclass=\"vp-portfolio__item-wrap vp-portfolio__item-uid-33790c5f\" data-vp-filter=\"\" \t\t>\n\t\t\t<template class=\"vp-portfolio__item-popup\" style=\"display: none\" data-vp-popup-img=\"https:\/\/lapareechalons.fr\/wp-content\/uploads\/2024\/03\/ile-d-yeu-vieux-chateau.jpg\" data-vp-popup-img-srcset=\"https:\/\/lapareechalons.fr\/wp-content\/uploads\/2024\/03\/ile-d-yeu-vieux-chateau.jpg 1000w, https:\/\/lapareechalons.fr\/wp-content\/uploads\/2024\/03\/ile-d-yeu-vieux-chateau-300x200.jpg 300w, https:\/\/lapareechalons.fr\/wp-content\/uploads\/2024\/03\/ile-d-yeu-vieux-chateau-768x512.jpg 768w, https:\/\/lapareechalons.fr\/wp-content\/uploads\/2024\/03\/ile-d-yeu-vieux-chateau-500x334.jpg 500w, https:\/\/lapareechalons.fr\/wp-content\/uploads\/2024\/03\/ile-d-yeu-vieux-chateau-800x534.jpg 800w\" data-vp-popup-img-size=\"1000x667\" data-vp-popup-md-img=\"https:\/\/lapareechalons.fr\/wp-content\/uploads\/2024\/03\/ile-d-yeu-vieux-chateau-800x534.jpg\" data-vp-popup-md-img-size=\"800x534\" data-vp-popup-sm-img=\"https:\/\/lapareechalons.fr\/wp-content\/uploads\/2024\/03\/ile-d-yeu-vieux-chateau-500x334.jpg\" data-vp-popup-sm-img-size=\"500x334\">\n\t<\/template>\n\t\t\t\t\t\t<figure class=\"vp-portfolio__item\">\n\t\t\t\t\n<div class=\"vp-portfolio__item-img-wrap\">\n\t<div class=\"vp-portfolio__item-img\">\n\t\t\t<a\n\t\thref=\"https:\/\/lapareechalons.fr\/wp-content\/uploads\/2024\/03\/ile-d-yeu-vieux-chateau.jpg\"\n\t\taria-label=\"ile-d-yeu-vieux-chateau\" \t>\n\t\n\t\t<noscript><img loading=\"lazy\" decoding=\"async\" width=\"1000\" height=\"667\" data-skip-lazy src=\"https:\/\/lapareechalons.fr\/wp-content\/uploads\/2024\/03\/ile-d-yeu-vieux-chateau.jpg\" class=\"wp-image-801\" alt=\"location vacance pr\u00e8s de l&#039;ile d&#039;yeu\" srcset=\"https:\/\/lapareechalons.fr\/wp-content\/uploads\/2024\/03\/ile-d-yeu-vieux-chateau.jpg 1000w, https:\/\/lapareechalons.fr\/wp-content\/uploads\/2024\/03\/ile-d-yeu-vieux-chateau-300x200.jpg 300w, https:\/\/lapareechalons.fr\/wp-content\/uploads\/2024\/03\/ile-d-yeu-vieux-chateau-768x512.jpg 768w, https:\/\/lapareechalons.fr\/wp-content\/uploads\/2024\/03\/ile-d-yeu-vieux-chateau-500x334.jpg 500w, https:\/\/lapareechalons.fr\/wp-content\/uploads\/2024\/03\/ile-d-yeu-vieux-chateau-800x534.jpg 800w\" sizes=\"auto, (max-width: 1000px) 100vw, 1000px\" \/><\/noscript><img decoding=\"async\" width=\"1000\" height=\"667\" src=\"https:\/\/lapareechalons.fr\/wp-content\/uploads\/2024\/03\/ile-d-yeu-vieux-chateau.jpg\" class=\"wp-image-801 vp-lazyload\" alt=\"location vacance pr\u00e8s de l&#039;ile d&#039;yeu\" srcset=\"data:image\/svg+xml;base64,PHN2ZyB3aWR0aD0iMTAwMCIgaGVpZ2h0PSI2NjciIHZpZXdCb3g9IjAgMCAxMDAwIDY2NyIgZmlsbD0ibm9uZSIgeG1sbnM9Imh0dHA6Ly93d3cudzMub3JnLzIwMDAvc3ZnIj48L3N2Zz4=\" data-src=\"https:\/\/lapareechalons.fr\/wp-content\/uploads\/2024\/03\/ile-d-yeu-vieux-chateau.jpg\" data-srcset=\"https:\/\/lapareechalons.fr\/wp-content\/uploads\/2024\/03\/ile-d-yeu-vieux-chateau.jpg 1000w, https:\/\/lapareechalons.fr\/wp-content\/uploads\/2024\/03\/ile-d-yeu-vieux-chateau-300x200.jpg 300w, https:\/\/lapareechalons.fr\/wp-content\/uploads\/2024\/03\/ile-d-yeu-vieux-chateau-768x512.jpg 768w, https:\/\/lapareechalons.fr\/wp-content\/uploads\/2024\/03\/ile-d-yeu-vieux-chateau-500x334.jpg 500w, https:\/\/lapareechalons.fr\/wp-content\/uploads\/2024\/03\/ile-d-yeu-vieux-chateau-800x534.jpg 800w\" data-sizes=\"auto\" loading=\"eager\">\n\t\t<\/a>\t<\/div>\n<\/div>\n\t<figcaption class=\"vp-portfolio__item-overlay vp-portfolio__item-overlay-text-align-center\">\n\t\t<div class=\"vp-portfolio__item-meta-wrap vp-portfolio__custom-scrollbar\">\n\t\t\t\t<a\n\t\thref=\"https:\/\/lapareechalons.fr\/wp-content\/uploads\/2024\/03\/ile-d-yeu-vieux-chateau.jpg\"\n\t\ttabindex=\"-1\" class=\"vp-portfolio__item-meta\" aria-label=\"ile-d-yeu-vieux-chateau\" \t>\n\t\n<div class=\"vp-portfolio__item-meta-title\">\n\tile-d-yeu-vieux-chateau<\/div>\n<\/a>\t\t<\/div>\n\t<\/figcaption>\n\t\t\t<\/figure>\n\t\t\t\t\t<\/div>\n\t\t\n\t\t<div\t\tclass=\"vp-portfolio__item-wrap vp-portfolio__item-uid-f589d7f7\" data-vp-filter=\"\" \t\t>\n\t\t\t<template class=\"vp-portfolio__item-popup\" style=\"display: none\" data-vp-popup-img=\"https:\/\/lapareechalons.fr\/wp-content\/uploads\/2024\/03\/Noirmoutier-bois-de-la-chaise-DSC_8665.jpg\" data-vp-popup-img-srcset=\"https:\/\/lapareechalons.fr\/wp-content\/uploads\/2024\/03\/Noirmoutier-bois-de-la-chaise-DSC_8665.jpg 1000w, https:\/\/lapareechalons.fr\/wp-content\/uploads\/2024\/03\/Noirmoutier-bois-de-la-chaise-DSC_8665-300x200.jpg 300w, https:\/\/lapareechalons.fr\/wp-content\/uploads\/2024\/03\/Noirmoutier-bois-de-la-chaise-DSC_8665-768x512.jpg 768w, https:\/\/lapareechalons.fr\/wp-content\/uploads\/2024\/03\/Noirmoutier-bois-de-la-chaise-DSC_8665-500x334.jpg 500w, https:\/\/lapareechalons.fr\/wp-content\/uploads\/2024\/03\/Noirmoutier-bois-de-la-chaise-DSC_8665-800x534.jpg 800w\" data-vp-popup-img-size=\"1000x667\" data-vp-popup-md-img=\"https:\/\/lapareechalons.fr\/wp-content\/uploads\/2024\/03\/Noirmoutier-bois-de-la-chaise-DSC_8665-800x534.jpg\" data-vp-popup-md-img-size=\"800x534\" data-vp-popup-sm-img=\"https:\/\/lapareechalons.fr\/wp-content\/uploads\/2024\/03\/Noirmoutier-bois-de-la-chaise-DSC_8665-500x334.jpg\" data-vp-popup-sm-img-size=\"500x334\">\n\t<\/template>\n\t\t\t\t\t\t<figure class=\"vp-portfolio__item\">\n\t\t\t\t\n<div class=\"vp-portfolio__item-img-wrap\">\n\t<div class=\"vp-portfolio__item-img\">\n\t\t\t<a\n\t\thref=\"https:\/\/lapareechalons.fr\/wp-content\/uploads\/2024\/03\/Noirmoutier-bois-de-la-chaise-DSC_8665.jpg\"\n\t\taria-label=\"Noirmoutier-bois-de-la-chaise-DSC_8665\" \t>\n\t\n\t\t<noscript><img loading=\"lazy\" decoding=\"async\" width=\"1000\" height=\"667\" data-skip-lazy src=\"https:\/\/lapareechalons.fr\/wp-content\/uploads\/2024\/03\/Noirmoutier-bois-de-la-chaise-DSC_8665.jpg\" class=\"wp-image-799\" alt=\"location vacance pr\u00e8s de noirmoutier\" srcset=\"https:\/\/lapareechalons.fr\/wp-content\/uploads\/2024\/03\/Noirmoutier-bois-de-la-chaise-DSC_8665.jpg 1000w, https:\/\/lapareechalons.fr\/wp-content\/uploads\/2024\/03\/Noirmoutier-bois-de-la-chaise-DSC_8665-300x200.jpg 300w, https:\/\/lapareechalons.fr\/wp-content\/uploads\/2024\/03\/Noirmoutier-bois-de-la-chaise-DSC_8665-768x512.jpg 768w, https:\/\/lapareechalons.fr\/wp-content\/uploads\/2024\/03\/Noirmoutier-bois-de-la-chaise-DSC_8665-500x334.jpg 500w, https:\/\/lapareechalons.fr\/wp-content\/uploads\/2024\/03\/Noirmoutier-bois-de-la-chaise-DSC_8665-800x534.jpg 800w\" sizes=\"auto, (max-width: 1000px) 100vw, 1000px\" \/><\/noscript><img decoding=\"async\" width=\"1000\" height=\"667\" src=\"https:\/\/lapareechalons.fr\/wp-content\/uploads\/2024\/03\/Noirmoutier-bois-de-la-chaise-DSC_8665.jpg\" class=\"wp-image-799 vp-lazyload\" alt=\"location vacance pr\u00e8s de noirmoutier\" srcset=\"data:image\/svg+xml;base64,PHN2ZyB3aWR0aD0iMTAwMCIgaGVpZ2h0PSI2NjciIHZpZXdCb3g9IjAgMCAxMDAwIDY2NyIgZmlsbD0ibm9uZSIgeG1sbnM9Imh0dHA6Ly93d3cudzMub3JnLzIwMDAvc3ZnIj48L3N2Zz4=\" data-src=\"https:\/\/lapareechalons.fr\/wp-content\/uploads\/2024\/03\/Noirmoutier-bois-de-la-chaise-DSC_8665.jpg\" data-srcset=\"https:\/\/lapareechalons.fr\/wp-content\/uploads\/2024\/03\/Noirmoutier-bois-de-la-chaise-DSC_8665.jpg 1000w, https:\/\/lapareechalons.fr\/wp-content\/uploads\/2024\/03\/Noirmoutier-bois-de-la-chaise-DSC_8665-300x200.jpg 300w, https:\/\/lapareechalons.fr\/wp-content\/uploads\/2024\/03\/Noirmoutier-bois-de-la-chaise-DSC_8665-768x512.jpg 768w, https:\/\/lapareechalons.fr\/wp-content\/uploads\/2024\/03\/Noirmoutier-bois-de-la-chaise-DSC_8665-500x334.jpg 500w, https:\/\/lapareechalons.fr\/wp-content\/uploads\/2024\/03\/Noirmoutier-bois-de-la-chaise-DSC_8665-800x534.jpg 800w\" data-sizes=\"auto\" loading=\"eager\">\n\t\t<\/a>\t<\/div>\n<\/div>\n\t<figcaption class=\"vp-portfolio__item-overlay vp-portfolio__item-overlay-text-align-center\">\n\t\t<div class=\"vp-portfolio__item-meta-wrap vp-portfolio__custom-scrollbar\">\n\t\t\t\t<a\n\t\thref=\"https:\/\/lapareechalons.fr\/wp-content\/uploads\/2024\/03\/Noirmoutier-bois-de-la-chaise-DSC_8665.jpg\"\n\t\ttabindex=\"-1\" class=\"vp-portfolio__item-meta\" aria-label=\"Noirmoutier-bois-de-la-chaise-DSC_8665\" \t>\n\t\n<div class=\"vp-portfolio__item-meta-title\">\n\tNoirmoutier-bois-de-la-chaise-DSC_8665<\/div>\n<\/a>\t\t<\/div>\n\t<\/figcaption>\n\t\t\t<\/figure>\n\t\t\t\t\t<\/div>\n\t\t\n\t\t<div\t\tclass=\"vp-portfolio__item-wrap vp-portfolio__item-uid-aa8d9d95\" data-vp-filter=\"\" \t\t>\n\t\t\t<template class=\"vp-portfolio__item-popup\" style=\"display: none\" data-vp-popup-img=\"https:\/\/lapareechalons.fr\/wp-content\/uploads\/2024\/03\/Noirmoutier-bois-de-la-chaise-DSC_8753.jpg\" data-vp-popup-img-srcset=\"https:\/\/lapareechalons.fr\/wp-content\/uploads\/2024\/03\/Noirmoutier-bois-de-la-chaise-DSC_8753.jpg 1000w, https:\/\/lapareechalons.fr\/wp-content\/uploads\/2024\/03\/Noirmoutier-bois-de-la-chaise-DSC_8753-300x200.jpg 300w, https:\/\/lapareechalons.fr\/wp-content\/uploads\/2024\/03\/Noirmoutier-bois-de-la-chaise-DSC_8753-768x512.jpg 768w, https:\/\/lapareechalons.fr\/wp-content\/uploads\/2024\/03\/Noirmoutier-bois-de-la-chaise-DSC_8753-500x334.jpg 500w, https:\/\/lapareechalons.fr\/wp-content\/uploads\/2024\/03\/Noirmoutier-bois-de-la-chaise-DSC_8753-800x534.jpg 800w\" data-vp-popup-img-size=\"1000x667\" data-vp-popup-md-img=\"https:\/\/lapareechalons.fr\/wp-content\/uploads\/2024\/03\/Noirmoutier-bois-de-la-chaise-DSC_8753-800x534.jpg\" data-vp-popup-md-img-size=\"800x534\" data-vp-popup-sm-img=\"https:\/\/lapareechalons.fr\/wp-content\/uploads\/2024\/03\/Noirmoutier-bois-de-la-chaise-DSC_8753-500x334.jpg\" data-vp-popup-sm-img-size=\"500x334\">\n\t<\/template>\n\t\t\t\t\t\t<figure class=\"vp-portfolio__item\">\n\t\t\t\t\n<div class=\"vp-portfolio__item-img-wrap\">\n\t<div class=\"vp-portfolio__item-img\">\n\t\t\t<a\n\t\thref=\"https:\/\/lapareechalons.fr\/wp-content\/uploads\/2024\/03\/Noirmoutier-bois-de-la-chaise-DSC_8753.jpg\"\n\t\taria-label=\"Noirmoutier-bois-de-la-chaise-DSC_8753\" \t>\n\t\n\t\t<noscript><img loading=\"lazy\" decoding=\"async\" width=\"1000\" height=\"667\" data-skip-lazy src=\"https:\/\/lapareechalons.fr\/wp-content\/uploads\/2024\/03\/Noirmoutier-bois-de-la-chaise-DSC_8753.jpg\" class=\"wp-image-797\" alt=\"location vacance pr\u00e8s de noirmoutier\" srcset=\"https:\/\/lapareechalons.fr\/wp-content\/uploads\/2024\/03\/Noirmoutier-bois-de-la-chaise-DSC_8753.jpg 1000w, https:\/\/lapareechalons.fr\/wp-content\/uploads\/2024\/03\/Noirmoutier-bois-de-la-chaise-DSC_8753-300x200.jpg 300w, https:\/\/lapareechalons.fr\/wp-content\/uploads\/2024\/03\/Noirmoutier-bois-de-la-chaise-DSC_8753-768x512.jpg 768w, https:\/\/lapareechalons.fr\/wp-content\/uploads\/2024\/03\/Noirmoutier-bois-de-la-chaise-DSC_8753-500x334.jpg 500w, https:\/\/lapareechalons.fr\/wp-content\/uploads\/2024\/03\/Noirmoutier-bois-de-la-chaise-DSC_8753-800x534.jpg 800w\" sizes=\"auto, (max-width: 1000px) 100vw, 1000px\" \/><\/noscript><img decoding=\"async\" width=\"1000\" height=\"667\" src=\"https:\/\/lapareechalons.fr\/wp-content\/uploads\/2024\/03\/Noirmoutier-bois-de-la-chaise-DSC_8753.jpg\" class=\"wp-image-797 vp-lazyload\" alt=\"location vacance pr\u00e8s de noirmoutier\" srcset=\"data:image\/svg+xml;base64,PHN2ZyB3aWR0aD0iMTAwMCIgaGVpZ2h0PSI2NjciIHZpZXdCb3g9IjAgMCAxMDAwIDY2NyIgZmlsbD0ibm9uZSIgeG1sbnM9Imh0dHA6Ly93d3cudzMub3JnLzIwMDAvc3ZnIj48L3N2Zz4=\" data-src=\"https:\/\/lapareechalons.fr\/wp-content\/uploads\/2024\/03\/Noirmoutier-bois-de-la-chaise-DSC_8753.jpg\" data-srcset=\"https:\/\/lapareechalons.fr\/wp-content\/uploads\/2024\/03\/Noirmoutier-bois-de-la-chaise-DSC_8753.jpg 1000w, https:\/\/lapareechalons.fr\/wp-content\/uploads\/2024\/03\/Noirmoutier-bois-de-la-chaise-DSC_8753-300x200.jpg 300w, https:\/\/lapareechalons.fr\/wp-content\/uploads\/2024\/03\/Noirmoutier-bois-de-la-chaise-DSC_8753-768x512.jpg 768w, https:\/\/lapareechalons.fr\/wp-content\/uploads\/2024\/03\/Noirmoutier-bois-de-la-chaise-DSC_8753-500x334.jpg 500w, https:\/\/lapareechalons.fr\/wp-content\/uploads\/2024\/03\/Noirmoutier-bois-de-la-chaise-DSC_8753-800x534.jpg 800w\" data-sizes=\"auto\" loading=\"eager\">\n\t\t<\/a>\t<\/div>\n<\/div>\n\t<figcaption class=\"vp-portfolio__item-overlay vp-portfolio__item-overlay-text-align-center\">\n\t\t<div class=\"vp-portfolio__item-meta-wrap vp-portfolio__custom-scrollbar\">\n\t\t\t\t<a\n\t\thref=\"https:\/\/lapareechalons.fr\/wp-content\/uploads\/2024\/03\/Noirmoutier-bois-de-la-chaise-DSC_8753.jpg\"\n\t\ttabindex=\"-1\" class=\"vp-portfolio__item-meta\" aria-label=\"Noirmoutier-bois-de-la-chaise-DSC_8753\" \t>\n\t\n<div class=\"vp-portfolio__item-meta-title\">\n\tNoirmoutier-bois-de-la-chaise-DSC_8753<\/div>\n<\/a>\t\t<\/div>\n\t<\/figcaption>\n\t\t\t<\/figure>\n\t\t\t\t\t<\/div>\n\t\t\n\t\t<div\t\tclass=\"vp-portfolio__item-wrap vp-portfolio__item-uid-1ce0ecef\" data-vp-filter=\"\" \t\t>\n\t\t\t<template class=\"vp-portfolio__item-popup\" style=\"display: none\" data-vp-popup-img=\"https:\/\/lapareechalons.fr\/wp-content\/uploads\/2024\/03\/Plage-des-Dames-Noirmoutier-bois-de-la-chaise-DSC_8932.jpg\" data-vp-popup-img-srcset=\"https:\/\/lapareechalons.fr\/wp-content\/uploads\/2024\/03\/Plage-des-Dames-Noirmoutier-bois-de-la-chaise-DSC_8932.jpg 1000w, https:\/\/lapareechalons.fr\/wp-content\/uploads\/2024\/03\/Plage-des-Dames-Noirmoutier-bois-de-la-chaise-DSC_8932-300x198.jpg 300w, https:\/\/lapareechalons.fr\/wp-content\/uploads\/2024\/03\/Plage-des-Dames-Noirmoutier-bois-de-la-chaise-DSC_8932-768x506.jpg 768w, https:\/\/lapareechalons.fr\/wp-content\/uploads\/2024\/03\/Plage-des-Dames-Noirmoutier-bois-de-la-chaise-DSC_8932-500x330.jpg 500w, https:\/\/lapareechalons.fr\/wp-content\/uploads\/2024\/03\/Plage-des-Dames-Noirmoutier-bois-de-la-chaise-DSC_8932-800x527.jpg 800w\" data-vp-popup-img-size=\"1000x659\" data-vp-popup-md-img=\"https:\/\/lapareechalons.fr\/wp-content\/uploads\/2024\/03\/Plage-des-Dames-Noirmoutier-bois-de-la-chaise-DSC_8932-800x527.jpg\" data-vp-popup-md-img-size=\"800x527\" data-vp-popup-sm-img=\"https:\/\/lapareechalons.fr\/wp-content\/uploads\/2024\/03\/Plage-des-Dames-Noirmoutier-bois-de-la-chaise-DSC_8932-500x330.jpg\" data-vp-popup-sm-img-size=\"500x330\">\n\t<\/template>\n\t\t\t\t\t\t<figure class=\"vp-portfolio__item\">\n\t\t\t\t\n<div class=\"vp-portfolio__item-img-wrap\">\n\t<div class=\"vp-portfolio__item-img\">\n\t\t\t<a\n\t\thref=\"https:\/\/lapareechalons.fr\/wp-content\/uploads\/2024\/03\/Plage-des-Dames-Noirmoutier-bois-de-la-chaise-DSC_8932.jpg\"\n\t\taria-label=\"Plage-des-Dames-Noirmoutier-bois-de-la-chaise-DSC_8932\" \t>\n\t\n\t\t<noscript><img loading=\"lazy\" decoding=\"async\" width=\"1000\" height=\"659\" data-skip-lazy src=\"https:\/\/lapareechalons.fr\/wp-content\/uploads\/2024\/03\/Plage-des-Dames-Noirmoutier-bois-de-la-chaise-DSC_8932.jpg\" class=\"wp-image-795\" alt=\"location vacance pr\u00e8s de noirmoutier\" srcset=\"https:\/\/lapareechalons.fr\/wp-content\/uploads\/2024\/03\/Plage-des-Dames-Noirmoutier-bois-de-la-chaise-DSC_8932.jpg 1000w, https:\/\/lapareechalons.fr\/wp-content\/uploads\/2024\/03\/Plage-des-Dames-Noirmoutier-bois-de-la-chaise-DSC_8932-300x198.jpg 300w, https:\/\/lapareechalons.fr\/wp-content\/uploads\/2024\/03\/Plage-des-Dames-Noirmoutier-bois-de-la-chaise-DSC_8932-768x506.jpg 768w, https:\/\/lapareechalons.fr\/wp-content\/uploads\/2024\/03\/Plage-des-Dames-Noirmoutier-bois-de-la-chaise-DSC_8932-500x330.jpg 500w, https:\/\/lapareechalons.fr\/wp-content\/uploads\/2024\/03\/Plage-des-Dames-Noirmoutier-bois-de-la-chaise-DSC_8932-800x527.jpg 800w\" sizes=\"auto, (max-width: 1000px) 100vw, 1000px\" \/><\/noscript><img decoding=\"async\" width=\"1000\" height=\"659\" src=\"https:\/\/lapareechalons.fr\/wp-content\/uploads\/2024\/03\/Plage-des-Dames-Noirmoutier-bois-de-la-chaise-DSC_8932.jpg\" class=\"wp-image-795 vp-lazyload\" alt=\"location vacance pr\u00e8s de noirmoutier\" srcset=\"data:image\/svg+xml;base64,PHN2ZyB3aWR0aD0iMTAwMCIgaGVpZ2h0PSI2NTkiIHZpZXdCb3g9IjAgMCAxMDAwIDY1OSIgZmlsbD0ibm9uZSIgeG1sbnM9Imh0dHA6Ly93d3cudzMub3JnLzIwMDAvc3ZnIj48L3N2Zz4=\" data-src=\"https:\/\/lapareechalons.fr\/wp-content\/uploads\/2024\/03\/Plage-des-Dames-Noirmoutier-bois-de-la-chaise-DSC_8932.jpg\" data-srcset=\"https:\/\/lapareechalons.fr\/wp-content\/uploads\/2024\/03\/Plage-des-Dames-Noirmoutier-bois-de-la-chaise-DSC_8932.jpg 1000w, https:\/\/lapareechalons.fr\/wp-content\/uploads\/2024\/03\/Plage-des-Dames-Noirmoutier-bois-de-la-chaise-DSC_8932-300x198.jpg 300w, https:\/\/lapareechalons.fr\/wp-content\/uploads\/2024\/03\/Plage-des-Dames-Noirmoutier-bois-de-la-chaise-DSC_8932-768x506.jpg 768w, https:\/\/lapareechalons.fr\/wp-content\/uploads\/2024\/03\/Plage-des-Dames-Noirmoutier-bois-de-la-chaise-DSC_8932-500x330.jpg 500w, https:\/\/lapareechalons.fr\/wp-content\/uploads\/2024\/03\/Plage-des-Dames-Noirmoutier-bois-de-la-chaise-DSC_8932-800x527.jpg 800w\" data-sizes=\"auto\" loading=\"eager\">\n\t\t<\/a>\t<\/div>\n<\/div>\n\t<figcaption class=\"vp-portfolio__item-overlay vp-portfolio__item-overlay-text-align-center\">\n\t\t<div class=\"vp-portfolio__item-meta-wrap vp-portfolio__custom-scrollbar\">\n\t\t\t\t<a\n\t\thref=\"https:\/\/lapareechalons.fr\/wp-content\/uploads\/2024\/03\/Plage-des-Dames-Noirmoutier-bois-de-la-chaise-DSC_8932.jpg\"\n\t\ttabindex=\"-1\" class=\"vp-portfolio__item-meta\" aria-label=\"Plage-des-Dames-Noirmoutier-bois-de-la-chaise-DSC_8932\" \t>\n\t\n<div class=\"vp-portfolio__item-meta-title\">\n\tPlage-des-Dames-Noirmoutier-bois-de-la-chaise-DSC_8932<\/div>\n<\/a>\t\t<\/div>\n\t<\/figcaption>\n\t\t\t<\/figure>\n\t\t\t\t\t<\/div>\n\t\t\n\t\t<div\t\tclass=\"vp-portfolio__item-wrap vp-portfolio__item-uid-4d3f2ebf\" data-vp-filter=\"\" \t\t>\n\t\t\t<template class=\"vp-portfolio__item-popup\" style=\"display: none\" data-vp-popup-img=\"https:\/\/lapareechalons.fr\/wp-content\/uploads\/2024\/03\/Noirmoutier-bois-de-la-chaise-DSC_8654.jpg\" data-vp-popup-img-srcset=\"https:\/\/lapareechalons.fr\/wp-content\/uploads\/2024\/03\/Noirmoutier-bois-de-la-chaise-DSC_8654.jpg 1000w, https:\/\/lapareechalons.fr\/wp-content\/uploads\/2024\/03\/Noirmoutier-bois-de-la-chaise-DSC_8654-300x200.jpg 300w, https:\/\/lapareechalons.fr\/wp-content\/uploads\/2024\/03\/Noirmoutier-bois-de-la-chaise-DSC_8654-768x512.jpg 768w, https:\/\/lapareechalons.fr\/wp-content\/uploads\/2024\/03\/Noirmoutier-bois-de-la-chaise-DSC_8654-500x334.jpg 500w, https:\/\/lapareechalons.fr\/wp-content\/uploads\/2024\/03\/Noirmoutier-bois-de-la-chaise-DSC_8654-800x534.jpg 800w\" data-vp-popup-img-size=\"1000x667\" data-vp-popup-md-img=\"https:\/\/lapareechalons.fr\/wp-content\/uploads\/2024\/03\/Noirmoutier-bois-de-la-chaise-DSC_8654-800x534.jpg\" data-vp-popup-md-img-size=\"800x534\" data-vp-popup-sm-img=\"https:\/\/lapareechalons.fr\/wp-content\/uploads\/2024\/03\/Noirmoutier-bois-de-la-chaise-DSC_8654-500x334.jpg\" data-vp-popup-sm-img-size=\"500x334\">\n\t<\/template>\n\t\t\t\t\t\t<figure class=\"vp-portfolio__item\">\n\t\t\t\t\n<div class=\"vp-portfolio__item-img-wrap\">\n\t<div class=\"vp-portfolio__item-img\">\n\t\t\t<a\n\t\thref=\"https:\/\/lapareechalons.fr\/wp-content\/uploads\/2024\/03\/Noirmoutier-bois-de-la-chaise-DSC_8654.jpg\"\n\t\taria-label=\"Noirmoutier-bois-de-la-chaise-DSC_8654\" \t>\n\t\n\t\t<noscript><img loading=\"lazy\" decoding=\"async\" width=\"1000\" height=\"667\" data-skip-lazy src=\"https:\/\/lapareechalons.fr\/wp-content\/uploads\/2024\/03\/Noirmoutier-bois-de-la-chaise-DSC_8654.jpg\" class=\"wp-image-793\" alt=\"location vacance pr\u00e8s de noirmoutier\" srcset=\"https:\/\/lapareechalons.fr\/wp-content\/uploads\/2024\/03\/Noirmoutier-bois-de-la-chaise-DSC_8654.jpg 1000w, https:\/\/lapareechalons.fr\/wp-content\/uploads\/2024\/03\/Noirmoutier-bois-de-la-chaise-DSC_8654-300x200.jpg 300w, https:\/\/lapareechalons.fr\/wp-content\/uploads\/2024\/03\/Noirmoutier-bois-de-la-chaise-DSC_8654-768x512.jpg 768w, https:\/\/lapareechalons.fr\/wp-content\/uploads\/2024\/03\/Noirmoutier-bois-de-la-chaise-DSC_8654-500x334.jpg 500w, https:\/\/lapareechalons.fr\/wp-content\/uploads\/2024\/03\/Noirmoutier-bois-de-la-chaise-DSC_8654-800x534.jpg 800w\" sizes=\"auto, (max-width: 1000px) 100vw, 1000px\" \/><\/noscript><img decoding=\"async\" width=\"1000\" height=\"667\" src=\"https:\/\/lapareechalons.fr\/wp-content\/uploads\/2024\/03\/Noirmoutier-bois-de-la-chaise-DSC_8654.jpg\" class=\"wp-image-793 vp-lazyload\" alt=\"location vacance pr\u00e8s de noirmoutier\" srcset=\"data:image\/svg+xml;base64,PHN2ZyB3aWR0aD0iMTAwMCIgaGVpZ2h0PSI2NjciIHZpZXdCb3g9IjAgMCAxMDAwIDY2NyIgZmlsbD0ibm9uZSIgeG1sbnM9Imh0dHA6Ly93d3cudzMub3JnLzIwMDAvc3ZnIj48L3N2Zz4=\" data-src=\"https:\/\/lapareechalons.fr\/wp-content\/uploads\/2024\/03\/Noirmoutier-bois-de-la-chaise-DSC_8654.jpg\" data-srcset=\"https:\/\/lapareechalons.fr\/wp-content\/uploads\/2024\/03\/Noirmoutier-bois-de-la-chaise-DSC_8654.jpg 1000w, https:\/\/lapareechalons.fr\/wp-content\/uploads\/2024\/03\/Noirmoutier-bois-de-la-chaise-DSC_8654-300x200.jpg 300w, https:\/\/lapareechalons.fr\/wp-content\/uploads\/2024\/03\/Noirmoutier-bois-de-la-chaise-DSC_8654-768x512.jpg 768w, https:\/\/lapareechalons.fr\/wp-content\/uploads\/2024\/03\/Noirmoutier-bois-de-la-chaise-DSC_8654-500x334.jpg 500w, https:\/\/lapareechalons.fr\/wp-content\/uploads\/2024\/03\/Noirmoutier-bois-de-la-chaise-DSC_8654-800x534.jpg 800w\" data-sizes=\"auto\" loading=\"eager\">\n\t\t<\/a>\t<\/div>\n<\/div>\n\t<figcaption class=\"vp-portfolio__item-overlay vp-portfolio__item-overlay-text-align-center\">\n\t\t<div class=\"vp-portfolio__item-meta-wrap vp-portfolio__custom-scrollbar\">\n\t\t\t\t<a\n\t\thref=\"https:\/\/lapareechalons.fr\/wp-content\/uploads\/2024\/03\/Noirmoutier-bois-de-la-chaise-DSC_8654.jpg\"\n\t\ttabindex=\"-1\" class=\"vp-portfolio__item-meta\" aria-label=\"Noirmoutier-bois-de-la-chaise-DSC_8654\" \t>\n\t\n<div class=\"vp-portfolio__item-meta-title\">\n\tNoirmoutier-bois-de-la-chaise-DSC_8654<\/div>\n<\/a>\t\t<\/div>\n\t<\/figcaption>\n\t\t\t<\/figure>\n\t\t\t\t\t<\/div>\n\t\t\n\t\t<div\t\tclass=\"vp-portfolio__item-wrap vp-portfolio__item-uid-8599c87c\" data-vp-filter=\"\" \t\t>\n\t\t\t<template class=\"vp-portfolio__item-popup\" style=\"display: none\" data-vp-popup-img=\"https:\/\/lapareechalons.fr\/wp-content\/uploads\/2024\/03\/Saint-Gilles-Croix-de-Vie-DSC_1734.jpg\" data-vp-popup-img-srcset=\"https:\/\/lapareechalons.fr\/wp-content\/uploads\/2024\/03\/Saint-Gilles-Croix-de-Vie-DSC_1734.jpg 1000w, https:\/\/lapareechalons.fr\/wp-content\/uploads\/2024\/03\/Saint-Gilles-Croix-de-Vie-DSC_1734-300x215.jpg 300w, https:\/\/lapareechalons.fr\/wp-content\/uploads\/2024\/03\/Saint-Gilles-Croix-de-Vie-DSC_1734-768x551.jpg 768w, https:\/\/lapareechalons.fr\/wp-content\/uploads\/2024\/03\/Saint-Gilles-Croix-de-Vie-DSC_1734-500x359.jpg 500w, https:\/\/lapareechalons.fr\/wp-content\/uploads\/2024\/03\/Saint-Gilles-Croix-de-Vie-DSC_1734-800x574.jpg 800w\" data-vp-popup-img-size=\"1000x718\" data-vp-popup-md-img=\"https:\/\/lapareechalons.fr\/wp-content\/uploads\/2024\/03\/Saint-Gilles-Croix-de-Vie-DSC_1734-800x574.jpg\" data-vp-popup-md-img-size=\"800x574\" data-vp-popup-sm-img=\"https:\/\/lapareechalons.fr\/wp-content\/uploads\/2024\/03\/Saint-Gilles-Croix-de-Vie-DSC_1734-500x359.jpg\" data-vp-popup-sm-img-size=\"500x359\">\n\t<\/template>\n\t\t\t\t\t\t<figure class=\"vp-portfolio__item\">\n\t\t\t\t\n<div class=\"vp-portfolio__item-img-wrap\">\n\t<div class=\"vp-portfolio__item-img\">\n\t\t\t<a\n\t\thref=\"https:\/\/lapareechalons.fr\/wp-content\/uploads\/2024\/03\/Saint-Gilles-Croix-de-Vie-DSC_1734.jpg\"\n\t\taria-label=\"Saint-Gilles-Croix-de-Vie-DSC_1734\" \t>\n\t\n\t\t<noscript><img loading=\"lazy\" decoding=\"async\" width=\"1000\" height=\"718\" data-skip-lazy src=\"https:\/\/lapareechalons.fr\/wp-content\/uploads\/2024\/03\/Saint-Gilles-Croix-de-Vie-DSC_1734.jpg\" class=\"wp-image-791\" alt=\"location vacance pr\u00e8s de noirmoutier\" srcset=\"https:\/\/lapareechalons.fr\/wp-content\/uploads\/2024\/03\/Saint-Gilles-Croix-de-Vie-DSC_1734.jpg 1000w, https:\/\/lapareechalons.fr\/wp-content\/uploads\/2024\/03\/Saint-Gilles-Croix-de-Vie-DSC_1734-300x215.jpg 300w, https:\/\/lapareechalons.fr\/wp-content\/uploads\/2024\/03\/Saint-Gilles-Croix-de-Vie-DSC_1734-768x551.jpg 768w, https:\/\/lapareechalons.fr\/wp-content\/uploads\/2024\/03\/Saint-Gilles-Croix-de-Vie-DSC_1734-500x359.jpg 500w, https:\/\/lapareechalons.fr\/wp-content\/uploads\/2024\/03\/Saint-Gilles-Croix-de-Vie-DSC_1734-800x574.jpg 800w\" sizes=\"auto, (max-width: 1000px) 100vw, 1000px\" \/><\/noscript><img decoding=\"async\" width=\"1000\" height=\"718\" src=\"https:\/\/lapareechalons.fr\/wp-content\/uploads\/2024\/03\/Saint-Gilles-Croix-de-Vie-DSC_1734.jpg\" class=\"wp-image-791 vp-lazyload\" alt=\"location vacance pr\u00e8s de noirmoutier\" srcset=\"data:image\/svg+xml;base64,PHN2ZyB3aWR0aD0iMTAwMCIgaGVpZ2h0PSI3MTgiIHZpZXdCb3g9IjAgMCAxMDAwIDcxOCIgZmlsbD0ibm9uZSIgeG1sbnM9Imh0dHA6Ly93d3cudzMub3JnLzIwMDAvc3ZnIj48L3N2Zz4=\" data-src=\"https:\/\/lapareechalons.fr\/wp-content\/uploads\/2024\/03\/Saint-Gilles-Croix-de-Vie-DSC_1734.jpg\" data-srcset=\"https:\/\/lapareechalons.fr\/wp-content\/uploads\/2024\/03\/Saint-Gilles-Croix-de-Vie-DSC_1734.jpg 1000w, https:\/\/lapareechalons.fr\/wp-content\/uploads\/2024\/03\/Saint-Gilles-Croix-de-Vie-DSC_1734-300x215.jpg 300w, https:\/\/lapareechalons.fr\/wp-content\/uploads\/2024\/03\/Saint-Gilles-Croix-de-Vie-DSC_1734-768x551.jpg 768w, https:\/\/lapareechalons.fr\/wp-content\/uploads\/2024\/03\/Saint-Gilles-Croix-de-Vie-DSC_1734-500x359.jpg 500w, https:\/\/lapareechalons.fr\/wp-content\/uploads\/2024\/03\/Saint-Gilles-Croix-de-Vie-DSC_1734-800x574.jpg 800w\" data-sizes=\"auto\" loading=\"eager\">\n\t\t<\/a>\t<\/div>\n<\/div>\n\t<figcaption class=\"vp-portfolio__item-overlay vp-portfolio__item-overlay-text-align-center\">\n\t\t<div class=\"vp-portfolio__item-meta-wrap vp-portfolio__custom-scrollbar\">\n\t\t\t\t<a\n\t\thref=\"https:\/\/lapareechalons.fr\/wp-content\/uploads\/2024\/03\/Saint-Gilles-Croix-de-Vie-DSC_1734.jpg\"\n\t\ttabindex=\"-1\" class=\"vp-portfolio__item-meta\" aria-label=\"Saint-Gilles-Croix-de-Vie-DSC_1734\" \t>\n\t\n<div class=\"vp-portfolio__item-meta-title\">\n\tSaint-Gilles-Croix-de-Vie-DSC_1734<\/div>\n<\/a>\t\t<\/div>\n\t<\/figcaption>\n\t\t\t<\/figure>\n\t\t\t\t\t<\/div>\n\t\t\n\t\t<div\t\tclass=\"vp-portfolio__item-wrap vp-portfolio__item-uid-2ae5166a\" data-vp-filter=\"\" \t\t>\n\t\t\t<template class=\"vp-portfolio__item-popup\" style=\"display: none\" data-vp-popup-img=\"https:\/\/lapareechalons.fr\/wp-content\/uploads\/2024\/03\/Pointe-Saint-Pierre-Noirmoutier-bois-de-la-chaise-DSC_8913.jpg\" data-vp-popup-img-srcset=\"https:\/\/lapareechalons.fr\/wp-content\/uploads\/2024\/03\/Pointe-Saint-Pierre-Noirmoutier-bois-de-la-chaise-DSC_8913.jpg 1000w, https:\/\/lapareechalons.fr\/wp-content\/uploads\/2024\/03\/Pointe-Saint-Pierre-Noirmoutier-bois-de-la-chaise-DSC_8913-300x200.jpg 300w, https:\/\/lapareechalons.fr\/wp-content\/uploads\/2024\/03\/Pointe-Saint-Pierre-Noirmoutier-bois-de-la-chaise-DSC_8913-768x512.jpg 768w, https:\/\/lapareechalons.fr\/wp-content\/uploads\/2024\/03\/Pointe-Saint-Pierre-Noirmoutier-bois-de-la-chaise-DSC_8913-500x334.jpg 500w, https:\/\/lapareechalons.fr\/wp-content\/uploads\/2024\/03\/Pointe-Saint-Pierre-Noirmoutier-bois-de-la-chaise-DSC_8913-800x534.jpg 800w\" data-vp-popup-img-size=\"1000x667\" data-vp-popup-md-img=\"https:\/\/lapareechalons.fr\/wp-content\/uploads\/2024\/03\/Pointe-Saint-Pierre-Noirmoutier-bois-de-la-chaise-DSC_8913-800x534.jpg\" data-vp-popup-md-img-size=\"800x534\" data-vp-popup-sm-img=\"https:\/\/lapareechalons.fr\/wp-content\/uploads\/2024\/03\/Pointe-Saint-Pierre-Noirmoutier-bois-de-la-chaise-DSC_8913-500x334.jpg\" data-vp-popup-sm-img-size=\"500x334\">\n\t<\/template>\n\t\t\t\t\t\t<figure class=\"vp-portfolio__item\">\n\t\t\t\t\n<div class=\"vp-portfolio__item-img-wrap\">\n\t<div class=\"vp-portfolio__item-img\">\n\t\t\t<a\n\t\thref=\"https:\/\/lapareechalons.fr\/wp-content\/uploads\/2024\/03\/Pointe-Saint-Pierre-Noirmoutier-bois-de-la-chaise-DSC_8913.jpg\"\n\t\taria-label=\"Pointe-Saint-Pierre-Noirmoutier-bois-de-la-chaise-DSC_8913\" \t>\n\t\n\t\t<noscript><img loading=\"lazy\" decoding=\"async\" width=\"1000\" height=\"667\" data-skip-lazy src=\"https:\/\/lapareechalons.fr\/wp-content\/uploads\/2024\/03\/Pointe-Saint-Pierre-Noirmoutier-bois-de-la-chaise-DSC_8913.jpg\" class=\"wp-image-789\" alt=\"location vacance pr\u00e8s de noirmoutier\" srcset=\"https:\/\/lapareechalons.fr\/wp-content\/uploads\/2024\/03\/Pointe-Saint-Pierre-Noirmoutier-bois-de-la-chaise-DSC_8913.jpg 1000w, https:\/\/lapareechalons.fr\/wp-content\/uploads\/2024\/03\/Pointe-Saint-Pierre-Noirmoutier-bois-de-la-chaise-DSC_8913-300x200.jpg 300w, https:\/\/lapareechalons.fr\/wp-content\/uploads\/2024\/03\/Pointe-Saint-Pierre-Noirmoutier-bois-de-la-chaise-DSC_8913-768x512.jpg 768w, https:\/\/lapareechalons.fr\/wp-content\/uploads\/2024\/03\/Pointe-Saint-Pierre-Noirmoutier-bois-de-la-chaise-DSC_8913-500x334.jpg 500w, https:\/\/lapareechalons.fr\/wp-content\/uploads\/2024\/03\/Pointe-Saint-Pierre-Noirmoutier-bois-de-la-chaise-DSC_8913-800x534.jpg 800w\" sizes=\"auto, (max-width: 1000px) 100vw, 1000px\" \/><\/noscript><img decoding=\"async\" width=\"1000\" height=\"667\" src=\"https:\/\/lapareechalons.fr\/wp-content\/uploads\/2024\/03\/Pointe-Saint-Pierre-Noirmoutier-bois-de-la-chaise-DSC_8913.jpg\" class=\"wp-image-789 vp-lazyload\" alt=\"location vacance pr\u00e8s de noirmoutier\" srcset=\"data:image\/svg+xml;base64,PHN2ZyB3aWR0aD0iMTAwMCIgaGVpZ2h0PSI2NjciIHZpZXdCb3g9IjAgMCAxMDAwIDY2NyIgZmlsbD0ibm9uZSIgeG1sbnM9Imh0dHA6Ly93d3cudzMub3JnLzIwMDAvc3ZnIj48L3N2Zz4=\" data-src=\"https:\/\/lapareechalons.fr\/wp-content\/uploads\/2024\/03\/Pointe-Saint-Pierre-Noirmoutier-bois-de-la-chaise-DSC_8913.jpg\" data-srcset=\"https:\/\/lapareechalons.fr\/wp-content\/uploads\/2024\/03\/Pointe-Saint-Pierre-Noirmoutier-bois-de-la-chaise-DSC_8913.jpg 1000w, https:\/\/lapareechalons.fr\/wp-content\/uploads\/2024\/03\/Pointe-Saint-Pierre-Noirmoutier-bois-de-la-chaise-DSC_8913-300x200.jpg 300w, https:\/\/lapareechalons.fr\/wp-content\/uploads\/2024\/03\/Pointe-Saint-Pierre-Noirmoutier-bois-de-la-chaise-DSC_8913-768x512.jpg 768w, https:\/\/lapareechalons.fr\/wp-content\/uploads\/2024\/03\/Pointe-Saint-Pierre-Noirmoutier-bois-de-la-chaise-DSC_8913-500x334.jpg 500w, https:\/\/lapareechalons.fr\/wp-content\/uploads\/2024\/03\/Pointe-Saint-Pierre-Noirmoutier-bois-de-la-chaise-DSC_8913-800x534.jpg 800w\" data-sizes=\"auto\" loading=\"eager\">\n\t\t<\/a>\t<\/div>\n<\/div>\n\t<figcaption class=\"vp-portfolio__item-overlay vp-portfolio__item-overlay-text-align-center\">\n\t\t<div class=\"vp-portfolio__item-meta-wrap vp-portfolio__custom-scrollbar\">\n\t\t\t\t<a\n\t\thref=\"https:\/\/lapareechalons.fr\/wp-content\/uploads\/2024\/03\/Pointe-Saint-Pierre-Noirmoutier-bois-de-la-chaise-DSC_8913.jpg\"\n\t\ttabindex=\"-1\" class=\"vp-portfolio__item-meta\" aria-label=\"Pointe-Saint-Pierre-Noirmoutier-bois-de-la-chaise-DSC_8913\" \t>\n\t\n<div class=\"vp-portfolio__item-meta-title\">\n\tPointe-Saint-Pierre-Noirmoutier-bois-de-la-chaise-DSC_8913<\/div>\n<\/a>\t\t<\/div>\n\t<\/figcaption>\n\t\t\t<\/figure>\n\t\t\t\t\t<\/div>\n\t\t\n\t\t<div\t\tclass=\"vp-portfolio__item-wrap vp-portfolio__item-uid-dfe89483\" data-vp-filter=\"\" \t\t>\n\t\t\t<template class=\"vp-portfolio__item-popup\" style=\"display: none\" data-vp-popup-img=\"https:\/\/lapareechalons.fr\/wp-content\/uploads\/2024\/03\/Saint-Gilles-Croix-de-Vie-DSC_2166.jpg\" data-vp-popup-img-srcset=\"https:\/\/lapareechalons.fr\/wp-content\/uploads\/2024\/03\/Saint-Gilles-Croix-de-Vie-DSC_2166.jpg 1000w, https:\/\/lapareechalons.fr\/wp-content\/uploads\/2024\/03\/Saint-Gilles-Croix-de-Vie-DSC_2166-300x95.jpg 300w, https:\/\/lapareechalons.fr\/wp-content\/uploads\/2024\/03\/Saint-Gilles-Croix-de-Vie-DSC_2166-768x243.jpg 768w, https:\/\/lapareechalons.fr\/wp-content\/uploads\/2024\/03\/Saint-Gilles-Croix-de-Vie-DSC_2166-500x158.jpg 500w, https:\/\/lapareechalons.fr\/wp-content\/uploads\/2024\/03\/Saint-Gilles-Croix-de-Vie-DSC_2166-800x253.jpg 800w\" data-vp-popup-img-size=\"1000x316\" data-vp-popup-md-img=\"https:\/\/lapareechalons.fr\/wp-content\/uploads\/2024\/03\/Saint-Gilles-Croix-de-Vie-DSC_2166-800x253.jpg\" data-vp-popup-md-img-size=\"800x253\" data-vp-popup-sm-img=\"https:\/\/lapareechalons.fr\/wp-content\/uploads\/2024\/03\/Saint-Gilles-Croix-de-Vie-DSC_2166-500x158.jpg\" data-vp-popup-sm-img-size=\"500x158\">\n\t<\/template>\n\t\t\t\t\t\t<figure class=\"vp-portfolio__item\">\n\t\t\t\t\n<div class=\"vp-portfolio__item-img-wrap\">\n\t<div class=\"vp-portfolio__item-img\">\n\t\t\t<a\n\t\thref=\"https:\/\/lapareechalons.fr\/wp-content\/uploads\/2024\/03\/Saint-Gilles-Croix-de-Vie-DSC_2166.jpg\"\n\t\taria-label=\"Saint-Gilles-Croix-de-Vie-DSC_2166\" \t>\n\t\n\t\t<noscript><img loading=\"lazy\" decoding=\"async\" width=\"1000\" height=\"316\" data-skip-lazy src=\"https:\/\/lapareechalons.fr\/wp-content\/uploads\/2024\/03\/Saint-Gilles-Croix-de-Vie-DSC_2166.jpg\" class=\"wp-image-787\" alt=\"location vacance pr\u00e8s de saint gilles croix de vie\" srcset=\"https:\/\/lapareechalons.fr\/wp-content\/uploads\/2024\/03\/Saint-Gilles-Croix-de-Vie-DSC_2166.jpg 1000w, https:\/\/lapareechalons.fr\/wp-content\/uploads\/2024\/03\/Saint-Gilles-Croix-de-Vie-DSC_2166-300x95.jpg 300w, https:\/\/lapareechalons.fr\/wp-content\/uploads\/2024\/03\/Saint-Gilles-Croix-de-Vie-DSC_2166-768x243.jpg 768w, https:\/\/lapareechalons.fr\/wp-content\/uploads\/2024\/03\/Saint-Gilles-Croix-de-Vie-DSC_2166-500x158.jpg 500w, https:\/\/lapareechalons.fr\/wp-content\/uploads\/2024\/03\/Saint-Gilles-Croix-de-Vie-DSC_2166-800x253.jpg 800w\" sizes=\"auto, (max-width: 1000px) 100vw, 1000px\" \/><\/noscript><img decoding=\"async\" width=\"1000\" height=\"316\" src=\"https:\/\/lapareechalons.fr\/wp-content\/uploads\/2024\/03\/Saint-Gilles-Croix-de-Vie-DSC_2166.jpg\" class=\"wp-image-787 vp-lazyload\" alt=\"location vacance pr\u00e8s de saint gilles croix de vie\" srcset=\"data:image\/svg+xml;base64,PHN2ZyB3aWR0aD0iMTAwMCIgaGVpZ2h0PSIzMTYiIHZpZXdCb3g9IjAgMCAxMDAwIDMxNiIgZmlsbD0ibm9uZSIgeG1sbnM9Imh0dHA6Ly93d3cudzMub3JnLzIwMDAvc3ZnIj48L3N2Zz4=\" data-src=\"https:\/\/lapareechalons.fr\/wp-content\/uploads\/2024\/03\/Saint-Gilles-Croix-de-Vie-DSC_2166.jpg\" data-srcset=\"https:\/\/lapareechalons.fr\/wp-content\/uploads\/2024\/03\/Saint-Gilles-Croix-de-Vie-DSC_2166.jpg 1000w, https:\/\/lapareechalons.fr\/wp-content\/uploads\/2024\/03\/Saint-Gilles-Croix-de-Vie-DSC_2166-300x95.jpg 300w, https:\/\/lapareechalons.fr\/wp-content\/uploads\/2024\/03\/Saint-Gilles-Croix-de-Vie-DSC_2166-768x243.jpg 768w, https:\/\/lapareechalons.fr\/wp-content\/uploads\/2024\/03\/Saint-Gilles-Croix-de-Vie-DSC_2166-500x158.jpg 500w, https:\/\/lapareechalons.fr\/wp-content\/uploads\/2024\/03\/Saint-Gilles-Croix-de-Vie-DSC_2166-800x253.jpg 800w\" data-sizes=\"auto\" loading=\"eager\">\n\t\t<\/a>\t<\/div>\n<\/div>\n\t<figcaption class=\"vp-portfolio__item-overlay vp-portfolio__item-overlay-text-align-center\">\n\t\t<div class=\"vp-portfolio__item-meta-wrap vp-portfolio__custom-scrollbar\">\n\t\t\t\t<a\n\t\thref=\"https:\/\/lapareechalons.fr\/wp-content\/uploads\/2024\/03\/Saint-Gilles-Croix-de-Vie-DSC_2166.jpg\"\n\t\ttabindex=\"-1\" class=\"vp-portfolio__item-meta\" aria-label=\"Saint-Gilles-Croix-de-Vie-DSC_2166\" \t>\n\t\n<div class=\"vp-portfolio__item-meta-title\">\n\tSaint-Gilles-Croix-de-Vie-DSC_2166<\/div>\n<\/a>\t\t<\/div>\n\t<\/figcaption>\n\t\t\t<\/figure>\n\t\t\t\t\t<\/div>\n\t\t\n\t\t<div\t\tclass=\"vp-portfolio__item-wrap vp-portfolio__item-uid-895a92ca\" data-vp-filter=\"\" \t\t>\n\t\t\t<template class=\"vp-portfolio__item-popup\" style=\"display: none\" data-vp-popup-img=\"https:\/\/lapareechalons.fr\/wp-content\/uploads\/2024\/03\/Saint-Gilles-Croix-de-Vie-DSC_2187.jpg\" data-vp-popup-img-srcset=\"https:\/\/lapareechalons.fr\/wp-content\/uploads\/2024\/03\/Saint-Gilles-Croix-de-Vie-DSC_2187.jpg 1000w, https:\/\/lapareechalons.fr\/wp-content\/uploads\/2024\/03\/Saint-Gilles-Croix-de-Vie-DSC_2187-300x221.jpg 300w, https:\/\/lapareechalons.fr\/wp-content\/uploads\/2024\/03\/Saint-Gilles-Croix-de-Vie-DSC_2187-768x564.jpg 768w, https:\/\/lapareechalons.fr\/wp-content\/uploads\/2024\/03\/Saint-Gilles-Croix-de-Vie-DSC_2187-500x368.jpg 500w, https:\/\/lapareechalons.fr\/wp-content\/uploads\/2024\/03\/Saint-Gilles-Croix-de-Vie-DSC_2187-800x588.jpg 800w\" data-vp-popup-img-size=\"1000x735\" data-vp-popup-md-img=\"https:\/\/lapareechalons.fr\/wp-content\/uploads\/2024\/03\/Saint-Gilles-Croix-de-Vie-DSC_2187-800x588.jpg\" data-vp-popup-md-img-size=\"800x588\" data-vp-popup-sm-img=\"https:\/\/lapareechalons.fr\/wp-content\/uploads\/2024\/03\/Saint-Gilles-Croix-de-Vie-DSC_2187-500x368.jpg\" data-vp-popup-sm-img-size=\"500x368\">\n\t<\/template>\n\t\t\t\t\t\t<figure class=\"vp-portfolio__item\">\n\t\t\t\t\n<div class=\"vp-portfolio__item-img-wrap\">\n\t<div class=\"vp-portfolio__item-img\">\n\t\t\t<a\n\t\thref=\"https:\/\/lapareechalons.fr\/wp-content\/uploads\/2024\/03\/Saint-Gilles-Croix-de-Vie-DSC_2187.jpg\"\n\t\taria-label=\"Saint-Gilles-Croix-de-Vie-DSC_2187\" \t>\n\t\n\t\t<noscript><img loading=\"lazy\" decoding=\"async\" width=\"1000\" height=\"735\" data-skip-lazy src=\"https:\/\/lapareechalons.fr\/wp-content\/uploads\/2024\/03\/Saint-Gilles-Croix-de-Vie-DSC_2187.jpg\" class=\"wp-image-785\" alt=\"location vacance en famille pr\u00e8s de saint gilles croix de vie\" srcset=\"https:\/\/lapareechalons.fr\/wp-content\/uploads\/2024\/03\/Saint-Gilles-Croix-de-Vie-DSC_2187.jpg 1000w, https:\/\/lapareechalons.fr\/wp-content\/uploads\/2024\/03\/Saint-Gilles-Croix-de-Vie-DSC_2187-300x221.jpg 300w, https:\/\/lapareechalons.fr\/wp-content\/uploads\/2024\/03\/Saint-Gilles-Croix-de-Vie-DSC_2187-768x564.jpg 768w, https:\/\/lapareechalons.fr\/wp-content\/uploads\/2024\/03\/Saint-Gilles-Croix-de-Vie-DSC_2187-500x368.jpg 500w, https:\/\/lapareechalons.fr\/wp-content\/uploads\/2024\/03\/Saint-Gilles-Croix-de-Vie-DSC_2187-800x588.jpg 800w\" sizes=\"auto, (max-width: 1000px) 100vw, 1000px\" \/><\/noscript><img decoding=\"async\" width=\"1000\" height=\"735\" src=\"https:\/\/lapareechalons.fr\/wp-content\/uploads\/2024\/03\/Saint-Gilles-Croix-de-Vie-DSC_2187.jpg\" class=\"wp-image-785 vp-lazyload\" alt=\"location vacance en famille pr\u00e8s de saint gilles croix de vie\" srcset=\"data:image\/svg+xml;base64,PHN2ZyB3aWR0aD0iMTAwMCIgaGVpZ2h0PSI3MzUiIHZpZXdCb3g9IjAgMCAxMDAwIDczNSIgZmlsbD0ibm9uZSIgeG1sbnM9Imh0dHA6Ly93d3cudzMub3JnLzIwMDAvc3ZnIj48L3N2Zz4=\" data-src=\"https:\/\/lapareechalons.fr\/wp-content\/uploads\/2024\/03\/Saint-Gilles-Croix-de-Vie-DSC_2187.jpg\" data-srcset=\"https:\/\/lapareechalons.fr\/wp-content\/uploads\/2024\/03\/Saint-Gilles-Croix-de-Vie-DSC_2187.jpg 1000w, https:\/\/lapareechalons.fr\/wp-content\/uploads\/2024\/03\/Saint-Gilles-Croix-de-Vie-DSC_2187-300x221.jpg 300w, https:\/\/lapareechalons.fr\/wp-content\/uploads\/2024\/03\/Saint-Gilles-Croix-de-Vie-DSC_2187-768x564.jpg 768w, https:\/\/lapareechalons.fr\/wp-content\/uploads\/2024\/03\/Saint-Gilles-Croix-de-Vie-DSC_2187-500x368.jpg 500w, https:\/\/lapareechalons.fr\/wp-content\/uploads\/2024\/03\/Saint-Gilles-Croix-de-Vie-DSC_2187-800x588.jpg 800w\" data-sizes=\"auto\" loading=\"eager\">\n\t\t<\/a>\t<\/div>\n<\/div>\n\t<figcaption class=\"vp-portfolio__item-overlay vp-portfolio__item-overlay-text-align-center\">\n\t\t<div class=\"vp-portfolio__item-meta-wrap vp-portfolio__custom-scrollbar\">\n\t\t\t\t<a\n\t\thref=\"https:\/\/lapareechalons.fr\/wp-content\/uploads\/2024\/03\/Saint-Gilles-Croix-de-Vie-DSC_2187.jpg\"\n\t\ttabindex=\"-1\" class=\"vp-portfolio__item-meta\" aria-label=\"Saint-Gilles-Croix-de-Vie-DSC_2187\" \t>\n\t\n<div class=\"vp-portfolio__item-meta-title\">\n\tSaint-Gilles-Croix-de-Vie-DSC_2187<\/div>\n<\/a>\t\t<\/div>\n\t<\/figcaption>\n\t\t\t<\/figure>\n\t\t\t\t\t<\/div>\n\t\t\n\t\t<div\t\tclass=\"vp-portfolio__item-wrap vp-portfolio__item-uid-fdee0f46\" data-vp-filter=\"\" \t\t>\n\t\t\t<template class=\"vp-portfolio__item-popup\" style=\"display: none\" data-vp-popup-img=\"https:\/\/lapareechalons.fr\/wp-content\/uploads\/2024\/03\/Saint-Gilles-Croix-de-Vie-DSC_2508.jpg\" data-vp-popup-img-srcset=\"https:\/\/lapareechalons.fr\/wp-content\/uploads\/2024\/03\/Saint-Gilles-Croix-de-Vie-DSC_2508.jpg 1000w, https:\/\/lapareechalons.fr\/wp-content\/uploads\/2024\/03\/Saint-Gilles-Croix-de-Vie-DSC_2508-300x222.jpg 300w, https:\/\/lapareechalons.fr\/wp-content\/uploads\/2024\/03\/Saint-Gilles-Croix-de-Vie-DSC_2508-768x569.jpg 768w, https:\/\/lapareechalons.fr\/wp-content\/uploads\/2024\/03\/Saint-Gilles-Croix-de-Vie-DSC_2508-500x371.jpg 500w, https:\/\/lapareechalons.fr\/wp-content\/uploads\/2024\/03\/Saint-Gilles-Croix-de-Vie-DSC_2508-800x593.jpg 800w\" data-vp-popup-img-size=\"1000x741\" data-vp-popup-md-img=\"https:\/\/lapareechalons.fr\/wp-content\/uploads\/2024\/03\/Saint-Gilles-Croix-de-Vie-DSC_2508-800x593.jpg\" data-vp-popup-md-img-size=\"800x593\" data-vp-popup-sm-img=\"https:\/\/lapareechalons.fr\/wp-content\/uploads\/2024\/03\/Saint-Gilles-Croix-de-Vie-DSC_2508-500x371.jpg\" data-vp-popup-sm-img-size=\"500x371\">\n\t<\/template>\n\t\t\t\t\t\t<figure class=\"vp-portfolio__item\">\n\t\t\t\t\n<div class=\"vp-portfolio__item-img-wrap\">\n\t<div class=\"vp-portfolio__item-img\">\n\t\t\t<a\n\t\thref=\"https:\/\/lapareechalons.fr\/wp-content\/uploads\/2024\/03\/Saint-Gilles-Croix-de-Vie-DSC_2508.jpg\"\n\t\taria-label=\"Saint-Gilles-Croix-de-Vie-DSC_2508\" \t>\n\t\n\t\t<noscript><img loading=\"lazy\" decoding=\"async\" width=\"1000\" height=\"741\" data-skip-lazy src=\"https:\/\/lapareechalons.fr\/wp-content\/uploads\/2024\/03\/Saint-Gilles-Croix-de-Vie-DSC_2508.jpg\" class=\"wp-image-783\" alt=\"location vacance pr\u00e8s de saint gilles croix de vie\" srcset=\"https:\/\/lapareechalons.fr\/wp-content\/uploads\/2024\/03\/Saint-Gilles-Croix-de-Vie-DSC_2508.jpg 1000w, https:\/\/lapareechalons.fr\/wp-content\/uploads\/2024\/03\/Saint-Gilles-Croix-de-Vie-DSC_2508-300x222.jpg 300w, https:\/\/lapareechalons.fr\/wp-content\/uploads\/2024\/03\/Saint-Gilles-Croix-de-Vie-DSC_2508-768x569.jpg 768w, https:\/\/lapareechalons.fr\/wp-content\/uploads\/2024\/03\/Saint-Gilles-Croix-de-Vie-DSC_2508-500x371.jpg 500w, https:\/\/lapareechalons.fr\/wp-content\/uploads\/2024\/03\/Saint-Gilles-Croix-de-Vie-DSC_2508-800x593.jpg 800w\" sizes=\"auto, (max-width: 1000px) 100vw, 1000px\" \/><\/noscript><img decoding=\"async\" width=\"1000\" height=\"741\" src=\"https:\/\/lapareechalons.fr\/wp-content\/uploads\/2024\/03\/Saint-Gilles-Croix-de-Vie-DSC_2508.jpg\" class=\"wp-image-783 vp-lazyload\" alt=\"location vacance pr\u00e8s de saint gilles croix de vie\" srcset=\"data:image\/svg+xml;base64,PHN2ZyB3aWR0aD0iMTAwMCIgaGVpZ2h0PSI3NDEiIHZpZXdCb3g9IjAgMCAxMDAwIDc0MSIgZmlsbD0ibm9uZSIgeG1sbnM9Imh0dHA6Ly93d3cudzMub3JnLzIwMDAvc3ZnIj48L3N2Zz4=\" data-src=\"https:\/\/lapareechalons.fr\/wp-content\/uploads\/2024\/03\/Saint-Gilles-Croix-de-Vie-DSC_2508.jpg\" data-srcset=\"https:\/\/lapareechalons.fr\/wp-content\/uploads\/2024\/03\/Saint-Gilles-Croix-de-Vie-DSC_2508.jpg 1000w, https:\/\/lapareechalons.fr\/wp-content\/uploads\/2024\/03\/Saint-Gilles-Croix-de-Vie-DSC_2508-300x222.jpg 300w, https:\/\/lapareechalons.fr\/wp-content\/uploads\/2024\/03\/Saint-Gilles-Croix-de-Vie-DSC_2508-768x569.jpg 768w, https:\/\/lapareechalons.fr\/wp-content\/uploads\/2024\/03\/Saint-Gilles-Croix-de-Vie-DSC_2508-500x371.jpg 500w, https:\/\/lapareechalons.fr\/wp-content\/uploads\/2024\/03\/Saint-Gilles-Croix-de-Vie-DSC_2508-800x593.jpg 800w\" data-sizes=\"auto\" loading=\"eager\">\n\t\t<\/a>\t<\/div>\n<\/div>\n\t<figcaption class=\"vp-portfolio__item-overlay vp-portfolio__item-overlay-text-align-center\">\n\t\t<div class=\"vp-portfolio__item-meta-wrap vp-portfolio__custom-scrollbar\">\n\t\t\t\t<a\n\t\thref=\"https:\/\/lapareechalons.fr\/wp-content\/uploads\/2024\/03\/Saint-Gilles-Croix-de-Vie-DSC_2508.jpg\"\n\t\ttabindex=\"-1\" class=\"vp-portfolio__item-meta\" aria-label=\"Saint-Gilles-Croix-de-Vie-DSC_2508\" \t>\n\t\n<div class=\"vp-portfolio__item-meta-title\">\n\tSaint-Gilles-Croix-de-Vie-DSC_2508<\/div>\n<\/a>\t\t<\/div>\n\t<\/figcaption>\n\t\t\t<\/figure>\n\t\t\t\t\t<\/div>\n\t\t\n\t\t<div\t\tclass=\"vp-portfolio__item-wrap vp-portfolio__item-uid-ab5c090f\" data-vp-filter=\"\" \t\t>\n\t\t\t<template class=\"vp-portfolio__item-popup\" style=\"display: none\" data-vp-popup-img=\"https:\/\/lapareechalons.fr\/wp-content\/uploads\/2024\/03\/Saint-Gilles-Croix-de-Vie-DSC_2555.jpg\" data-vp-popup-img-srcset=\"https:\/\/lapareechalons.fr\/wp-content\/uploads\/2024\/03\/Saint-Gilles-Croix-de-Vie-DSC_2555.jpg 1000w, https:\/\/lapareechalons.fr\/wp-content\/uploads\/2024\/03\/Saint-Gilles-Croix-de-Vie-DSC_2555-300x200.jpg 300w, https:\/\/lapareechalons.fr\/wp-content\/uploads\/2024\/03\/Saint-Gilles-Croix-de-Vie-DSC_2555-768x511.jpg 768w, https:\/\/lapareechalons.fr\/wp-content\/uploads\/2024\/03\/Saint-Gilles-Croix-de-Vie-DSC_2555-500x333.jpg 500w, https:\/\/lapareechalons.fr\/wp-content\/uploads\/2024\/03\/Saint-Gilles-Croix-de-Vie-DSC_2555-800x533.jpg 800w\" data-vp-popup-img-size=\"1000x666\" data-vp-popup-md-img=\"https:\/\/lapareechalons.fr\/wp-content\/uploads\/2024\/03\/Saint-Gilles-Croix-de-Vie-DSC_2555-800x533.jpg\" data-vp-popup-md-img-size=\"800x533\" data-vp-popup-sm-img=\"https:\/\/lapareechalons.fr\/wp-content\/uploads\/2024\/03\/Saint-Gilles-Croix-de-Vie-DSC_2555-500x333.jpg\" data-vp-popup-sm-img-size=\"500x333\">\n\t<\/template>\n\t\t\t\t\t\t<figure class=\"vp-portfolio__item\">\n\t\t\t\t\n<div class=\"vp-portfolio__item-img-wrap\">\n\t<div class=\"vp-portfolio__item-img\">\n\t\t\t<a\n\t\thref=\"https:\/\/lapareechalons.fr\/wp-content\/uploads\/2024\/03\/Saint-Gilles-Croix-de-Vie-DSC_2555.jpg\"\n\t\taria-label=\"Saint-Gilles-Croix-de-Vie-DSC_2555\" \t>\n\t\n\t\t<noscript><img loading=\"lazy\" decoding=\"async\" width=\"1000\" height=\"666\" data-skip-lazy src=\"https:\/\/lapareechalons.fr\/wp-content\/uploads\/2024\/03\/Saint-Gilles-Croix-de-Vie-DSC_2555.jpg\" class=\"wp-image-781\" alt=\"location vacance pr\u00e8s de saint gilles croix de vie\" srcset=\"https:\/\/lapareechalons.fr\/wp-content\/uploads\/2024\/03\/Saint-Gilles-Croix-de-Vie-DSC_2555.jpg 1000w, https:\/\/lapareechalons.fr\/wp-content\/uploads\/2024\/03\/Saint-Gilles-Croix-de-Vie-DSC_2555-300x200.jpg 300w, https:\/\/lapareechalons.fr\/wp-content\/uploads\/2024\/03\/Saint-Gilles-Croix-de-Vie-DSC_2555-768x511.jpg 768w, https:\/\/lapareechalons.fr\/wp-content\/uploads\/2024\/03\/Saint-Gilles-Croix-de-Vie-DSC_2555-500x333.jpg 500w, https:\/\/lapareechalons.fr\/wp-content\/uploads\/2024\/03\/Saint-Gilles-Croix-de-Vie-DSC_2555-800x533.jpg 800w\" sizes=\"auto, (max-width: 1000px) 100vw, 1000px\" \/><\/noscript><img decoding=\"async\" width=\"1000\" height=\"666\" src=\"https:\/\/lapareechalons.fr\/wp-content\/uploads\/2024\/03\/Saint-Gilles-Croix-de-Vie-DSC_2555.jpg\" class=\"wp-image-781 vp-lazyload\" alt=\"location vacance pr\u00e8s de saint gilles croix de vie\" srcset=\"data:image\/svg+xml;base64,PHN2ZyB3aWR0aD0iMTAwMCIgaGVpZ2h0PSI2NjYiIHZpZXdCb3g9IjAgMCAxMDAwIDY2NiIgZmlsbD0ibm9uZSIgeG1sbnM9Imh0dHA6Ly93d3cudzMub3JnLzIwMDAvc3ZnIj48L3N2Zz4=\" data-src=\"https:\/\/lapareechalons.fr\/wp-content\/uploads\/2024\/03\/Saint-Gilles-Croix-de-Vie-DSC_2555.jpg\" data-srcset=\"https:\/\/lapareechalons.fr\/wp-content\/uploads\/2024\/03\/Saint-Gilles-Croix-de-Vie-DSC_2555.jpg 1000w, https:\/\/lapareechalons.fr\/wp-content\/uploads\/2024\/03\/Saint-Gilles-Croix-de-Vie-DSC_2555-300x200.jpg 300w, https:\/\/lapareechalons.fr\/wp-content\/uploads\/2024\/03\/Saint-Gilles-Croix-de-Vie-DSC_2555-768x511.jpg 768w, https:\/\/lapareechalons.fr\/wp-content\/uploads\/2024\/03\/Saint-Gilles-Croix-de-Vie-DSC_2555-500x333.jpg 500w, https:\/\/lapareechalons.fr\/wp-content\/uploads\/2024\/03\/Saint-Gilles-Croix-de-Vie-DSC_2555-800x533.jpg 800w\" data-sizes=\"auto\" loading=\"eager\">\n\t\t<\/a>\t<\/div>\n<\/div>\n\t<figcaption class=\"vp-portfolio__item-overlay vp-portfolio__item-overlay-text-align-center\">\n\t\t<div class=\"vp-portfolio__item-meta-wrap vp-portfolio__custom-scrollbar\">\n\t\t\t\t<a\n\t\thref=\"https:\/\/lapareechalons.fr\/wp-content\/uploads\/2024\/03\/Saint-Gilles-Croix-de-Vie-DSC_2555.jpg\"\n\t\ttabindex=\"-1\" class=\"vp-portfolio__item-meta\" aria-label=\"Saint-Gilles-Croix-de-Vie-DSC_2555\" \t>\n\t\n<div class=\"vp-portfolio__item-meta-title\">\n\tSaint-Gilles-Croix-de-Vie-DSC_2555<\/div>\n<\/a>\t\t<\/div>\n\t<\/figcaption>\n\t\t\t<\/figure>\n\t\t\t\t\t<\/div>\n\t\t\n\t\t<div\t\tclass=\"vp-portfolio__item-wrap vp-portfolio__item-uid-30aa321c\" data-vp-filter=\"\" \t\t>\n\t\t\t<template class=\"vp-portfolio__item-popup\" style=\"display: none\" data-vp-popup-img=\"https:\/\/lapareechalons.fr\/wp-content\/uploads\/2024\/03\/estacade-saintjeandemonts-IMG_1820.jpg\" data-vp-popup-img-srcset=\"https:\/\/lapareechalons.fr\/wp-content\/uploads\/2024\/03\/estacade-saintjeandemonts-IMG_1820.jpg 1000w, https:\/\/lapareechalons.fr\/wp-content\/uploads\/2024\/03\/estacade-saintjeandemonts-IMG_1820-300x200.jpg 300w, https:\/\/lapareechalons.fr\/wp-content\/uploads\/2024\/03\/estacade-saintjeandemonts-IMG_1820-768x512.jpg 768w, https:\/\/lapareechalons.fr\/wp-content\/uploads\/2024\/03\/estacade-saintjeandemonts-IMG_1820-500x334.jpg 500w, https:\/\/lapareechalons.fr\/wp-content\/uploads\/2024\/03\/estacade-saintjeandemonts-IMG_1820-800x534.jpg 800w\" data-vp-popup-img-size=\"1000x667\" data-vp-popup-md-img=\"https:\/\/lapareechalons.fr\/wp-content\/uploads\/2024\/03\/estacade-saintjeandemonts-IMG_1820-800x534.jpg\" data-vp-popup-md-img-size=\"800x534\" data-vp-popup-sm-img=\"https:\/\/lapareechalons.fr\/wp-content\/uploads\/2024\/03\/estacade-saintjeandemonts-IMG_1820-500x334.jpg\" data-vp-popup-sm-img-size=\"500x334\">\n\t<\/template>\n\t\t\t\t\t\t<figure class=\"vp-portfolio__item\">\n\t\t\t\t\n<div class=\"vp-portfolio__item-img-wrap\">\n\t<div class=\"vp-portfolio__item-img\">\n\t\t\t<a\n\t\thref=\"https:\/\/lapareechalons.fr\/wp-content\/uploads\/2024\/03\/estacade-saintjeandemonts-IMG_1820.jpg\"\n\t\taria-label=\"estacade-saintjeandemonts-IMG_1820\" \t>\n\t\n\t\t<noscript><img loading=\"lazy\" decoding=\"async\" width=\"1000\" height=\"667\" data-skip-lazy src=\"https:\/\/lapareechalons.fr\/wp-content\/uploads\/2024\/03\/estacade-saintjeandemonts-IMG_1820.jpg\" class=\"wp-image-779\" alt=\"location vacance en famille pr\u00e8s de saint jean de monts\" srcset=\"https:\/\/lapareechalons.fr\/wp-content\/uploads\/2024\/03\/estacade-saintjeandemonts-IMG_1820.jpg 1000w, https:\/\/lapareechalons.fr\/wp-content\/uploads\/2024\/03\/estacade-saintjeandemonts-IMG_1820-300x200.jpg 300w, https:\/\/lapareechalons.fr\/wp-content\/uploads\/2024\/03\/estacade-saintjeandemonts-IMG_1820-768x512.jpg 768w, https:\/\/lapareechalons.fr\/wp-content\/uploads\/2024\/03\/estacade-saintjeandemonts-IMG_1820-500x334.jpg 500w, https:\/\/lapareechalons.fr\/wp-content\/uploads\/2024\/03\/estacade-saintjeandemonts-IMG_1820-800x534.jpg 800w\" sizes=\"auto, (max-width: 1000px) 100vw, 1000px\" \/><\/noscript><img decoding=\"async\" width=\"1000\" height=\"667\" src=\"https:\/\/lapareechalons.fr\/wp-content\/uploads\/2024\/03\/estacade-saintjeandemonts-IMG_1820.jpg\" class=\"wp-image-779 vp-lazyload\" alt=\"location vacance en famille pr\u00e8s de saint jean de monts\" srcset=\"data:image\/svg+xml;base64,PHN2ZyB3aWR0aD0iMTAwMCIgaGVpZ2h0PSI2NjciIHZpZXdCb3g9IjAgMCAxMDAwIDY2NyIgZmlsbD0ibm9uZSIgeG1sbnM9Imh0dHA6Ly93d3cudzMub3JnLzIwMDAvc3ZnIj48L3N2Zz4=\" data-src=\"https:\/\/lapareechalons.fr\/wp-content\/uploads\/2024\/03\/estacade-saintjeandemonts-IMG_1820.jpg\" data-srcset=\"https:\/\/lapareechalons.fr\/wp-content\/uploads\/2024\/03\/estacade-saintjeandemonts-IMG_1820.jpg 1000w, https:\/\/lapareechalons.fr\/wp-content\/uploads\/2024\/03\/estacade-saintjeandemonts-IMG_1820-300x200.jpg 300w, https:\/\/lapareechalons.fr\/wp-content\/uploads\/2024\/03\/estacade-saintjeandemonts-IMG_1820-768x512.jpg 768w, https:\/\/lapareechalons.fr\/wp-content\/uploads\/2024\/03\/estacade-saintjeandemonts-IMG_1820-500x334.jpg 500w, https:\/\/lapareechalons.fr\/wp-content\/uploads\/2024\/03\/estacade-saintjeandemonts-IMG_1820-800x534.jpg 800w\" data-sizes=\"auto\" loading=\"eager\">\n\t\t<\/a>\t<\/div>\n<\/div>\n\t<figcaption class=\"vp-portfolio__item-overlay vp-portfolio__item-overlay-text-align-center\">\n\t\t<div class=\"vp-portfolio__item-meta-wrap vp-portfolio__custom-scrollbar\">\n\t\t\t\t<a\n\t\thref=\"https:\/\/lapareechalons.fr\/wp-content\/uploads\/2024\/03\/estacade-saintjeandemonts-IMG_1820.jpg\"\n\t\ttabindex=\"-1\" class=\"vp-portfolio__item-meta\" aria-label=\"estacade-saintjeandemonts-IMG_1820\" \t>\n\t\n<div class=\"vp-portfolio__item-meta-title\">\n\testacade-saintjeandemonts-IMG_1820<\/div>\n<\/a>\t\t<\/div>\n\t<\/figcaption>\n\t\t\t<\/figure>\n\t\t\t\t\t<\/div>\n\t\t\n\t\t<div\t\tclass=\"vp-portfolio__item-wrap vp-portfolio__item-uid-6fae787e\" data-vp-filter=\"\" \t\t>\n\t\t\t<template class=\"vp-portfolio__item-popup\" style=\"display: none\" data-vp-popup-img=\"https:\/\/lapareechalons.fr\/wp-content\/uploads\/2024\/03\/pistes-cyclables-saint-jean-de-monts-IMG_4215.jpg\" data-vp-popup-img-srcset=\"https:\/\/lapareechalons.fr\/wp-content\/uploads\/2024\/03\/pistes-cyclables-saint-jean-de-monts-IMG_4215.jpg 1000w, https:\/\/lapareechalons.fr\/wp-content\/uploads\/2024\/03\/pistes-cyclables-saint-jean-de-monts-IMG_4215-300x200.jpg 300w, https:\/\/lapareechalons.fr\/wp-content\/uploads\/2024\/03\/pistes-cyclables-saint-jean-de-monts-IMG_4215-768x512.jpg 768w, https:\/\/lapareechalons.fr\/wp-content\/uploads\/2024\/03\/pistes-cyclables-saint-jean-de-monts-IMG_4215-500x334.jpg 500w, https:\/\/lapareechalons.fr\/wp-content\/uploads\/2024\/03\/pistes-cyclables-saint-jean-de-monts-IMG_4215-800x534.jpg 800w\" data-vp-popup-img-size=\"1000x667\" data-vp-popup-md-img=\"https:\/\/lapareechalons.fr\/wp-content\/uploads\/2024\/03\/pistes-cyclables-saint-jean-de-monts-IMG_4215-800x534.jpg\" data-vp-popup-md-img-size=\"800x534\" data-vp-popup-sm-img=\"https:\/\/lapareechalons.fr\/wp-content\/uploads\/2024\/03\/pistes-cyclables-saint-jean-de-monts-IMG_4215-500x334.jpg\" data-vp-popup-sm-img-size=\"500x334\">\n\t<\/template>\n\t\t\t\t\t\t<figure class=\"vp-portfolio__item\">\n\t\t\t\t\n<div class=\"vp-portfolio__item-img-wrap\">\n\t<div class=\"vp-portfolio__item-img\">\n\t\t\t<a\n\t\thref=\"https:\/\/lapareechalons.fr\/wp-content\/uploads\/2024\/03\/pistes-cyclables-saint-jean-de-monts-IMG_4215.jpg\"\n\t\taria-label=\"radwege-saint-jean-de-monts-IMG_4215\" \t>\n\t\n\t\t<noscript><img loading=\"lazy\" decoding=\"async\" width=\"1000\" height=\"667\" data-skip-lazy src=\"https:\/\/lapareechalons.fr\/wp-content\/uploads\/2024\/03\/pistes-cyclables-saint-jean-de-monts-IMG_4215.jpg\" class=\"wp-image-777\" alt=\"location vacance pr\u00e8s de saint jean de monts\" srcset=\"https:\/\/lapareechalons.fr\/wp-content\/uploads\/2024\/03\/pistes-cyclables-saint-jean-de-monts-IMG_4215.jpg 1000w, https:\/\/lapareechalons.fr\/wp-content\/uploads\/2024\/03\/pistes-cyclables-saint-jean-de-monts-IMG_4215-300x200.jpg 300w, https:\/\/lapareechalons.fr\/wp-content\/uploads\/2024\/03\/pistes-cyclables-saint-jean-de-monts-IMG_4215-768x512.jpg 768w, https:\/\/lapareechalons.fr\/wp-content\/uploads\/2024\/03\/pistes-cyclables-saint-jean-de-monts-IMG_4215-500x334.jpg 500w, https:\/\/lapareechalons.fr\/wp-content\/uploads\/2024\/03\/pistes-cyclables-saint-jean-de-monts-IMG_4215-800x534.jpg 800w\" sizes=\"auto, (max-width: 1000px) 100vw, 1000px\" \/><\/noscript><img decoding=\"async\" width=\"1000\" height=\"667\" src=\"https:\/\/lapareechalons.fr\/wp-content\/uploads\/2024\/03\/pistes-cyclables-saint-jean-de-monts-IMG_4215.jpg\" class=\"wp-image-777 vp-lazyload\" alt=\"location vacance pr\u00e8s de saint jean de monts\" srcset=\"data:image\/svg+xml;base64,PHN2ZyB3aWR0aD0iMTAwMCIgaGVpZ2h0PSI2NjciIHZpZXdCb3g9IjAgMCAxMDAwIDY2NyIgZmlsbD0ibm9uZSIgeG1sbnM9Imh0dHA6Ly93d3cudzMub3JnLzIwMDAvc3ZnIj48L3N2Zz4=\" data-src=\"https:\/\/lapareechalons.fr\/wp-content\/uploads\/2024\/03\/pistes-cyclables-saint-jean-de-monts-IMG_4215.jpg\" data-srcset=\"https:\/\/lapareechalons.fr\/wp-content\/uploads\/2024\/03\/pistes-cyclables-saint-jean-de-monts-IMG_4215.jpg 1000w, https:\/\/lapareechalons.fr\/wp-content\/uploads\/2024\/03\/pistes-cyclables-saint-jean-de-monts-IMG_4215-300x200.jpg 300w, https:\/\/lapareechalons.fr\/wp-content\/uploads\/2024\/03\/pistes-cyclables-saint-jean-de-monts-IMG_4215-768x512.jpg 768w, https:\/\/lapareechalons.fr\/wp-content\/uploads\/2024\/03\/pistes-cyclables-saint-jean-de-monts-IMG_4215-500x334.jpg 500w, https:\/\/lapareechalons.fr\/wp-content\/uploads\/2024\/03\/pistes-cyclables-saint-jean-de-monts-IMG_4215-800x534.jpg 800w\" data-sizes=\"auto\" loading=\"eager\">\n\t\t<\/a>\t<\/div>\n<\/div>\n\t<figcaption class=\"vp-portfolio__item-overlay vp-portfolio__item-overlay-text-align-center\">\n\t\t<div class=\"vp-portfolio__item-meta-wrap vp-portfolio__custom-scrollbar\">\n\t\t\t\t<a\n\t\thref=\"https:\/\/lapareechalons.fr\/wp-content\/uploads\/2024\/03\/pistes-cyclables-saint-jean-de-monts-IMG_4215.jpg\"\n\t\ttabindex=\"-1\" class=\"vp-portfolio__item-meta\" aria-label=\"radwege-saint-jean-de-monts-IMG_4215\" \t>\n\t\n<div class=\"vp-portfolio__item-meta-title\">\n\tradwege-saint-jean-de-monts-IMG_4215<\/div>\n<\/a>\t\t<\/div>\n\t<\/figcaption>\n\t\t\t<\/figure>\n\t\t\t\t\t<\/div>\n\t\t\n\t\t<div\t\tclass=\"vp-portfolio__item-wrap vp-portfolio__item-uid-d9c30904\" data-vp-filter=\"\" \t\t>\n\t\t\t<template class=\"vp-portfolio__item-popup\" style=\"display: none\" data-vp-popup-img=\"https:\/\/lapareechalons.fr\/wp-content\/uploads\/2024\/03\/saint-jean-de-monts-IMG_0567.jpg\" data-vp-popup-img-srcset=\"https:\/\/lapareechalons.fr\/wp-content\/uploads\/2024\/03\/saint-jean-de-monts-IMG_0567.jpg 1000w, https:\/\/lapareechalons.fr\/wp-content\/uploads\/2024\/03\/saint-jean-de-monts-IMG_0567-300x200.jpg 300w, https:\/\/lapareechalons.fr\/wp-content\/uploads\/2024\/03\/saint-jean-de-monts-IMG_0567-768x512.jpg 768w, https:\/\/lapareechalons.fr\/wp-content\/uploads\/2024\/03\/saint-jean-de-monts-IMG_0567-500x334.jpg 500w, https:\/\/lapareechalons.fr\/wp-content\/uploads\/2024\/03\/saint-jean-de-monts-IMG_0567-800x534.jpg 800w\" data-vp-popup-img-size=\"1000x667\" data-vp-popup-md-img=\"https:\/\/lapareechalons.fr\/wp-content\/uploads\/2024\/03\/saint-jean-de-monts-IMG_0567-800x534.jpg\" data-vp-popup-md-img-size=\"800x534\" data-vp-popup-sm-img=\"https:\/\/lapareechalons.fr\/wp-content\/uploads\/2024\/03\/saint-jean-de-monts-IMG_0567-500x334.jpg\" data-vp-popup-sm-img-size=\"500x334\">\n\t<\/template>\n\t\t\t\t\t\t<figure class=\"vp-portfolio__item\">\n\t\t\t\t\n<div class=\"vp-portfolio__item-img-wrap\">\n\t<div class=\"vp-portfolio__item-img\">\n\t\t\t<a\n\t\thref=\"https:\/\/lapareechalons.fr\/wp-content\/uploads\/2024\/03\/saint-jean-de-monts-IMG_0567.jpg\"\n\t\taria-label=\"saint-jean-de-monts-IMG_0567\" \t>\n\t\n\t\t<noscript><img loading=\"lazy\" decoding=\"async\" width=\"1000\" height=\"667\" data-skip-lazy src=\"https:\/\/lapareechalons.fr\/wp-content\/uploads\/2024\/03\/saint-jean-de-monts-IMG_0567.jpg\" class=\"wp-image-775\" alt=\"camping pr\u00e8s de saint jean de monts\" srcset=\"https:\/\/lapareechalons.fr\/wp-content\/uploads\/2024\/03\/saint-jean-de-monts-IMG_0567.jpg 1000w, https:\/\/lapareechalons.fr\/wp-content\/uploads\/2024\/03\/saint-jean-de-monts-IMG_0567-300x200.jpg 300w, https:\/\/lapareechalons.fr\/wp-content\/uploads\/2024\/03\/saint-jean-de-monts-IMG_0567-768x512.jpg 768w, https:\/\/lapareechalons.fr\/wp-content\/uploads\/2024\/03\/saint-jean-de-monts-IMG_0567-500x334.jpg 500w, https:\/\/lapareechalons.fr\/wp-content\/uploads\/2024\/03\/saint-jean-de-monts-IMG_0567-800x534.jpg 800w\" sizes=\"auto, (max-width: 1000px) 100vw, 1000px\" \/><\/noscript><img decoding=\"async\" width=\"1000\" height=\"667\" src=\"https:\/\/lapareechalons.fr\/wp-content\/uploads\/2024\/03\/saint-jean-de-monts-IMG_0567.jpg\" class=\"wp-image-775 vp-lazyload\" alt=\"camping pr\u00e8s de saint jean de monts\" srcset=\"data:image\/svg+xml;base64,PHN2ZyB3aWR0aD0iMTAwMCIgaGVpZ2h0PSI2NjciIHZpZXdCb3g9IjAgMCAxMDAwIDY2NyIgZmlsbD0ibm9uZSIgeG1sbnM9Imh0dHA6Ly93d3cudzMub3JnLzIwMDAvc3ZnIj48L3N2Zz4=\" data-src=\"https:\/\/lapareechalons.fr\/wp-content\/uploads\/2024\/03\/saint-jean-de-monts-IMG_0567.jpg\" data-srcset=\"https:\/\/lapareechalons.fr\/wp-content\/uploads\/2024\/03\/saint-jean-de-monts-IMG_0567.jpg 1000w, https:\/\/lapareechalons.fr\/wp-content\/uploads\/2024\/03\/saint-jean-de-monts-IMG_0567-300x200.jpg 300w, https:\/\/lapareechalons.fr\/wp-content\/uploads\/2024\/03\/saint-jean-de-monts-IMG_0567-768x512.jpg 768w, https:\/\/lapareechalons.fr\/wp-content\/uploads\/2024\/03\/saint-jean-de-monts-IMG_0567-500x334.jpg 500w, https:\/\/lapareechalons.fr\/wp-content\/uploads\/2024\/03\/saint-jean-de-monts-IMG_0567-800x534.jpg 800w\" data-sizes=\"auto\" loading=\"eager\">\n\t\t<\/a>\t<\/div>\n<\/div>\n\t<figcaption class=\"vp-portfolio__item-overlay vp-portfolio__item-overlay-text-align-center\">\n\t\t<div class=\"vp-portfolio__item-meta-wrap vp-portfolio__custom-scrollbar\">\n\t\t\t\t<a\n\t\thref=\"https:\/\/lapareechalons.fr\/wp-content\/uploads\/2024\/03\/saint-jean-de-monts-IMG_0567.jpg\"\n\t\ttabindex=\"-1\" class=\"vp-portfolio__item-meta\" aria-label=\"saint-jean-de-monts-IMG_0567\" \t>\n\t\n<div class=\"vp-portfolio__item-meta-title\">\n\tsaint-jean-de-monts-IMG_0567<\/div>\n<\/a>\t\t<\/div>\n\t<\/figcaption>\n\t\t\t<\/figure>\n\t\t\t\t\t<\/div>\n\t\t\n<\/div>\n\t\t<\/div>\n\t\t\n<\/div>\n<\/div>","protected":false},"excerpt":{"rendered":"<p>Das Pays de Monts enth\u00fcllt sich Ihrer Neugier und Ihren Spazierg\u00e4ngen, aber auch die umliegenden St\u00e4dte.Zu Fu\u00df, mit dem Fahrrad, zu Pferd, mit dem Boot oder sogar mit dem Hubschrauber, es gibt viele M\u00f6glichkeiten, um von einer wundersch\u00f6nen Landschaft zu profitieren. au\u00dfergew\u00f6hnliche Umgebung die zu Abenteuern und Entdeckungen einl\u00e4dt&#8230; Saint Jean de Monts St Jean [&hellip;]<\/p>\n","protected":false},"author":1,"featured_media":1314,"parent":0,"menu_order":0,"comment_status":"closed","ping_status":"closed","template":"","meta":{"_acf_changed":false,"_seopress_robots_primary_cat":"","_seopress_titles_title":"Die St\u00e4dte & Inseln der Vend\u00e9e | Camping La Par\u00e9e Chalons","_seopress_titles_desc":"Verpassen Sie bei Ihrem Urlaub auf unserem Familiencampingplatz nicht St Jean de Monts, St Gilles Croix de Vie. Sowie die Inseln: Noirmoutier & Yeu.","_seopress_robots_index":"","_vp_format_video_url":"","_vp_image_focal_point":[],"footnotes":""},"class_list":["post-1439","page","type-page","status-publish","has-post-thumbnail","hentry"],"acf":[],"_links":{"self":[{"href":"https:\/\/lapareechalons.fr\/de\/wp-json\/wp\/v2\/pages\/1439","targetHints":{"allow":["GET"]}}],"collection":[{"href":"https:\/\/lapareechalons.fr\/de\/wp-json\/wp\/v2\/pages"}],"about":[{"href":"https:\/\/lapareechalons.fr\/de\/wp-json\/wp\/v2\/types\/page"}],"author":[{"embeddable":true,"href":"https:\/\/lapareechalons.fr\/de\/wp-json\/wp\/v2\/users\/1"}],"replies":[{"embeddable":true,"href":"https:\/\/lapareechalons.fr\/de\/wp-json\/wp\/v2\/comments?post=1439"}],"version-history":[{"count":3,"href":"https:\/\/lapareechalons.fr\/de\/wp-json\/wp\/v2\/pages\/1439\/revisions"}],"predecessor-version":[{"id":1922,"href":"https:\/\/lapareechalons.fr\/de\/wp-json\/wp\/v2\/pages\/1439\/revisions\/1922"}],"wp:featuredmedia":[{"embeddable":true,"href":"https:\/\/lapareechalons.fr\/de\/wp-json\/wp\/v2\/media\/1314"}],"wp:attachment":[{"href":"https:\/\/lapareechalons.fr\/de\/wp-json\/wp\/v2\/media?parent=1439"}],"curies":[{"name":"wp","href":"https:\/\/api.w.org\/{rel}","templated":true}]}}