{"id":1565,"date":"2024-03-22T09:02:30","date_gmt":"2024-03-22T08:02:30","guid":{"rendered":"https:\/\/lapareechalons.fr\/emplacement\/stellplaetze-fuer-radwanderer\/"},"modified":"2026-01-14T11:32:35","modified_gmt":"2026-01-14T10:32:35","slug":"stellplaetze-fuer-radwanderer","status":"publish","type":"emplacement","link":"https:\/\/lapareechalons.fr\/de\/emplacement\/stellplaetze-fuer-radwanderer\/","title":{"rendered":"Stellpl\u00e4tze f\u00fcr Radwanderer"},"content":{"rendered":"\n<p data-block-type=\"core\">Ein Platz f\u00fcr <strong>Wanderer <\/strong>(auf dem GR8) oder <strong>Radtouristen <\/strong>, die auf der V\u00e9lodyss\u00e9e oder Eurov\u00e9lo1 unterwegs sind, wird mit einem Picknicktisch, einem Sonnenschirm, einer W\u00e4scheleine und Stromanschl\u00fcssen f\u00fcr Ausr\u00fcstung oder Fahrr\u00e4der mit Hilfsmotor angeboten. Dieser Stellplatz wird gemeinsam genutzt und kann bis zu 6 Personen beherbergen.<\/p>\n\n<p data-block-type=\"core\">Die Auszeichnung &#8220; <strong>Accueil V\u00e9lo <\/strong>&#8220; bedeutet, dass Sie kartographische oder meteorologische Informationen geben k\u00f6nnen. Reparaturwerkzeuge f\u00fcr Fahrr\u00e4der werden Ihnen geliehen, wenn Sie Ihr 2-Rad reparieren m\u00fcssen. Au\u00dferdem gibt es eine <strong>Fahrradwerkstatt<\/strong> im Zentrum des Ortes, 1,5 km vom Campingplatz entfernt, falls Sie eine Panne haben&#8230;<\/p>\n\n<p data-block-type=\"core\"><\/p>\n","protected":false},"featured_media":1234,"template":"","meta":{"_acf_changed":false,"_seopress_robots_primary_cat":"","_seopress_titles_title":"Stellplatz Accueil V\u00e9lo in der Vend\u00e9e | La Par\u00e9e Chalons","_seopress_titles_desc":"Auf dem Campingplatz La Par\u00e9e Chalons bieten wir Ihnen die Vermietung von Stellpl\u00e4tzen zu g\u00fcnstigen Preisen & direkt am Meer in der Vend\u00e9e an.","_seopress_robots_index":"","_vp_format_video_url":"","_vp_image_focal_point":[]},"class_list":["post-1565","emplacement","type-emplacement","status-publish","has-post-thumbnail","hentry"],"acf":[],"_links":{"self":[{"href":"https:\/\/lapareechalons.fr\/de\/wp-json\/wp\/v2\/emplacement\/1565","targetHints":{"allow":["GET"]}}],"collection":[{"href":"https:\/\/lapareechalons.fr\/de\/wp-json\/wp\/v2\/emplacement"}],"about":[{"href":"https:\/\/lapareechalons.fr\/de\/wp-json\/wp\/v2\/types\/emplacement"}],"wp:featuredmedia":[{"embeddable":true,"href":"https:\/\/lapareechalons.fr\/de\/wp-json\/wp\/v2\/media\/1234"}],"wp:attachment":[{"href":"https:\/\/lapareechalons.fr\/de\/wp-json\/wp\/v2\/media?parent=1565"}],"curies":[{"name":"wp","href":"https:\/\/api.w.org\/{rel}","templated":true}]}}